{"id":6619,"date":"2024-11-22T09:49:36","date_gmt":"2024-11-22T09:49:36","guid":{"rendered":"https:\/\/m-acryl.hu\/prestige\/?post_type=product&#038;p=6619"},"modified":"2026-03-18T11:46:26","modified_gmt":"2026-03-18T11:46:26","slug":"loft-csaptelep","status":"publish","type":"product","link":"https:\/\/m-acryl.hu\/prestige\/termek\/loft-csaptelep\/","title":{"rendered":"Loft csaptelep"},"content":{"rendered":"","protected":false},"excerpt":{"rendered":"<p>Id\u0151t\u00e1ll\u00f3 formavil\u00e1g<\/p>\n<ul>\n<li>Hossz\u00fa \u00e9lettartam<\/li>\n<li>3 \u00fcl\u00e9ses, kr\u00f3m kivitel<\/li>\n<li>Kih\u00fazhat\u00f3 zuhanyfej<\/li>\n<li>K\u00e1dperemre szerelhet\u0151<\/li>\n<\/ul>\n","protected":false},"featured_media":7044,"template":"","meta":[],"product_brand":[],"product_cat":[229,109],"product_tag":[216,203],"class_list":{"0":"post-6619","1":"product","2":"type-product","3":"status-publish","4":"has-post-thumbnail","6":"product_cat-kadra-szerelheto-csaptelep","7":"product_cat-kiegeszitok","8":"product_tag-5-ev-garancia","9":"product_tag-kiegeszitok","11":"first","12":"instock","13":"sold-individually","14":"shipping-taxable","15":"purchasable","16":"product-type-variable","17":"has-default-attributes"},"yoast_head":"<!-- This site is optimized with the Yoast SEO plugin v27.2 - https:\/\/yoast.com\/product\/yoast-seo-wordpress\/ -->\n<title>Loft csaptelep - Prestige<\/title>\n<meta name=\"description\" content=\"Minimalista k\u00e1dperemre szerelhet\u0151 csaptelep kih\u00fazhat\u00f3 zuhanyfejjel. Tart\u00f3s, kr\u00f3m kivitel, eleg\u00e1ns megjelen\u00e9s \u00e9s k\u00e9nyelmes haszn\u00e1lat minden nap.\" \/>\n<meta name=\"robots\" content=\"index, follow, max-snippet:-1, max-image-preview:large, max-video-preview:-1\" \/>\n<link rel=\"canonical\" href=\"https:\/\/m-acryl.hu\/prestige\/termek\/loft-csaptelep\/\" \/>\n<meta property=\"og:locale\" content=\"hu_HU\" \/>\n<meta property=\"og:type\" content=\"article\" \/>\n<meta property=\"og:title\" content=\"Loft csaptelep - Prestige\" \/>\n<meta property=\"og:description\" content=\"Minimalista k\u00e1dperemre szerelhet\u0151 csaptelep kih\u00fazhat\u00f3 zuhanyfejjel. Tart\u00f3s, kr\u00f3m kivitel, eleg\u00e1ns megjelen\u00e9s \u00e9s k\u00e9nyelmes haszn\u00e1lat minden nap.\" \/>\n<meta property=\"og:url\" content=\"https:\/\/m-acryl.hu\/prestige\/termek\/loft-csaptelep\/\" \/>\n<meta property=\"og:site_name\" content=\"Prestige\" \/>\n<meta property=\"article:modified_time\" content=\"2026-03-18T11:46:26+00:00\" \/>\n<meta property=\"og:image\" content=\"https:\/\/m-acryl.hu\/prestige\/wp-content\/uploads\/2025\/03\/m-acryl-prestige-loft-csaptelep-enterior-01.webp\" \/>\n\t<meta property=\"og:image:width\" content=\"1920\" \/>\n\t<meta property=\"og:image:height\" content=\"1200\" \/>\n\t<meta property=\"og:image:type\" content=\"image\/webp\" \/>\n<meta name=\"twitter:card\" content=\"summary_large_image\" \/>\n<meta name=\"twitter:label1\" content=\"Becs\u00fclt olvas\u00e1si id\u0151\" \/>\n\t<meta name=\"twitter:data1\" content=\"1 perc\" \/>\n<script type=\"application\/ld+json\" class=\"yoast-schema-graph\">{\"@context\":\"https:\/\/schema.org\",\"@graph\":[{\"@type\":\"WebPage\",\"@id\":\"https:\/\/m-acryl.hu\/prestige\/termek\/loft-csaptelep\/\",\"url\":\"https:\/\/m-acryl.hu\/prestige\/termek\/loft-csaptelep\/\",\"name\":\"Loft csaptelep - Prestige\",\"isPartOf\":{\"@id\":\"https:\/\/m-acryl.hu\/prestige\/#website\"},\"primaryImageOfPage\":{\"@id\":\"https:\/\/m-acryl.hu\/prestige\/termek\/loft-csaptelep\/#primaryimage\"},\"image\":{\"@id\":\"https:\/\/m-acryl.hu\/prestige\/termek\/loft-csaptelep\/#primaryimage\"},\"thumbnailUrl\":\"https:\/\/m-acryl.hu\/prestige\/wp-content\/uploads\/2025\/03\/m-acryl-prestige-loft-csaptelep-enterior-01.webp\",\"datePublished\":\"2024-11-22T09:49:36+00:00\",\"dateModified\":\"2026-03-18T11:46:26+00:00\",\"description\":\"Minimalista k\u00e1dperemre szerelhet\u0151 csaptelep kih\u00fazhat\u00f3 zuhanyfejjel. Tart\u00f3s, kr\u00f3m kivitel, eleg\u00e1ns megjelen\u00e9s \u00e9s k\u00e9nyelmes haszn\u00e1lat minden nap.\",\"breadcrumb\":{\"@id\":\"https:\/\/m-acryl.hu\/prestige\/termek\/loft-csaptelep\/#breadcrumb\"},\"inLanguage\":\"hu\",\"potentialAction\":[{\"@type\":\"ReadAction\",\"target\":[\"https:\/\/m-acryl.hu\/prestige\/termek\/loft-csaptelep\/\"]}]},{\"@type\":\"ImageObject\",\"inLanguage\":\"hu\",\"@id\":\"https:\/\/m-acryl.hu\/prestige\/termek\/loft-csaptelep\/#primaryimage\",\"url\":\"https:\/\/m-acryl.hu\/prestige\/wp-content\/uploads\/2025\/03\/m-acryl-prestige-loft-csaptelep-enterior-01.webp\",\"contentUrl\":\"https:\/\/m-acryl.hu\/prestige\/wp-content\/uploads\/2025\/03\/m-acryl-prestige-loft-csaptelep-enterior-01.webp\",\"width\":1920,\"height\":1200},{\"@type\":\"BreadcrumbList\",\"@id\":\"https:\/\/m-acryl.hu\/prestige\/termek\/loft-csaptelep\/#breadcrumb\",\"itemListElement\":[{\"@type\":\"ListItem\",\"position\":1,\"name\":\"Kezd\u0151lap\",\"item\":\"https:\/\/m-acryl.hu\/prestige\/\"},{\"@type\":\"ListItem\",\"position\":2,\"name\":\"K\u00e1dak\",\"item\":\"https:\/\/m-acryl.hu\/prestige\/kadak\/\"},{\"@type\":\"ListItem\",\"position\":3,\"name\":\"Loft csaptelep\"}]},{\"@type\":\"WebSite\",\"@id\":\"https:\/\/m-acryl.hu\/prestige\/#website\",\"url\":\"https:\/\/m-acryl.hu\/prestige\/\",\"name\":\"Prestige\",\"description\":\"Kiemelt k\u00e9nyelem minden nap\",\"potentialAction\":[{\"@type\":\"SearchAction\",\"target\":{\"@type\":\"EntryPoint\",\"urlTemplate\":\"https:\/\/m-acryl.hu\/prestige\/?s={search_term_string}\"},\"query-input\":{\"@type\":\"PropertyValueSpecification\",\"valueRequired\":true,\"valueName\":\"search_term_string\"}}],\"inLanguage\":\"hu\"}]}<\/script>\n<!-- \/ Yoast SEO plugin. -->","yoast_head_json":{"title":"Loft csaptelep - Prestige","description":"Minimalista k\u00e1dperemre szerelhet\u0151 csaptelep kih\u00fazhat\u00f3 zuhanyfejjel. Tart\u00f3s, kr\u00f3m kivitel, eleg\u00e1ns megjelen\u00e9s \u00e9s k\u00e9nyelmes haszn\u00e1lat minden nap.","robots":{"index":"index","follow":"follow","max-snippet":"max-snippet:-1","max-image-preview":"max-image-preview:large","max-video-preview":"max-video-preview:-1"},"canonical":"https:\/\/m-acryl.hu\/prestige\/termek\/loft-csaptelep\/","og_locale":"hu_HU","og_type":"article","og_title":"Loft csaptelep - Prestige","og_description":"Minimalista k\u00e1dperemre szerelhet\u0151 csaptelep kih\u00fazhat\u00f3 zuhanyfejjel. Tart\u00f3s, kr\u00f3m kivitel, eleg\u00e1ns megjelen\u00e9s \u00e9s k\u00e9nyelmes haszn\u00e1lat minden nap.","og_url":"https:\/\/m-acryl.hu\/prestige\/termek\/loft-csaptelep\/","og_site_name":"Prestige","article_modified_time":"2026-03-18T11:46:26+00:00","og_image":[{"width":1920,"height":1200,"url":"https:\/\/m-acryl.hu\/prestige\/wp-content\/uploads\/2025\/03\/m-acryl-prestige-loft-csaptelep-enterior-01.webp","type":"image\/webp"}],"twitter_card":"summary_large_image","twitter_misc":{"Becs\u00fclt olvas\u00e1si id\u0151":"1 perc"},"schema":{"@context":"https:\/\/schema.org","@graph":[{"@type":"WebPage","@id":"https:\/\/m-acryl.hu\/prestige\/termek\/loft-csaptelep\/","url":"https:\/\/m-acryl.hu\/prestige\/termek\/loft-csaptelep\/","name":"Loft csaptelep - Prestige","isPartOf":{"@id":"https:\/\/m-acryl.hu\/prestige\/#website"},"primaryImageOfPage":{"@id":"https:\/\/m-acryl.hu\/prestige\/termek\/loft-csaptelep\/#primaryimage"},"image":{"@id":"https:\/\/m-acryl.hu\/prestige\/termek\/loft-csaptelep\/#primaryimage"},"thumbnailUrl":"https:\/\/m-acryl.hu\/prestige\/wp-content\/uploads\/2025\/03\/m-acryl-prestige-loft-csaptelep-enterior-01.webp","datePublished":"2024-11-22T09:49:36+00:00","dateModified":"2026-03-18T11:46:26+00:00","description":"Minimalista k\u00e1dperemre szerelhet\u0151 csaptelep kih\u00fazhat\u00f3 zuhanyfejjel. Tart\u00f3s, kr\u00f3m kivitel, eleg\u00e1ns megjelen\u00e9s \u00e9s k\u00e9nyelmes haszn\u00e1lat minden nap.","breadcrumb":{"@id":"https:\/\/m-acryl.hu\/prestige\/termek\/loft-csaptelep\/#breadcrumb"},"inLanguage":"hu","potentialAction":[{"@type":"ReadAction","target":["https:\/\/m-acryl.hu\/prestige\/termek\/loft-csaptelep\/"]}]},{"@type":"ImageObject","inLanguage":"hu","@id":"https:\/\/m-acryl.hu\/prestige\/termek\/loft-csaptelep\/#primaryimage","url":"https:\/\/m-acryl.hu\/prestige\/wp-content\/uploads\/2025\/03\/m-acryl-prestige-loft-csaptelep-enterior-01.webp","contentUrl":"https:\/\/m-acryl.hu\/prestige\/wp-content\/uploads\/2025\/03\/m-acryl-prestige-loft-csaptelep-enterior-01.webp","width":1920,"height":1200},{"@type":"BreadcrumbList","@id":"https:\/\/m-acryl.hu\/prestige\/termek\/loft-csaptelep\/#breadcrumb","itemListElement":[{"@type":"ListItem","position":1,"name":"Kezd\u0151lap","item":"https:\/\/m-acryl.hu\/prestige\/"},{"@type":"ListItem","position":2,"name":"K\u00e1dak","item":"https:\/\/m-acryl.hu\/prestige\/kadak\/"},{"@type":"ListItem","position":3,"name":"Loft csaptelep"}]},{"@type":"WebSite","@id":"https:\/\/m-acryl.hu\/prestige\/#website","url":"https:\/\/m-acryl.hu\/prestige\/","name":"Prestige","description":"Kiemelt k\u00e9nyelem minden nap","potentialAction":[{"@type":"SearchAction","target":{"@type":"EntryPoint","urlTemplate":"https:\/\/m-acryl.hu\/prestige\/?s={search_term_string}"},"query-input":{"@type":"PropertyValueSpecification","valueRequired":true,"valueName":"search_term_string"}}],"inLanguage":"hu"}]}},"_links":{"self":[{"href":"https:\/\/m-acryl.hu\/prestige\/wp-json\/wp\/v2\/product\/6619","targetHints":{"allow":["GET"]}}],"collection":[{"href":"https:\/\/m-acryl.hu\/prestige\/wp-json\/wp\/v2\/product"}],"about":[{"href":"https:\/\/m-acryl.hu\/prestige\/wp-json\/wp\/v2\/types\/product"}],"wp:featuredmedia":[{"embeddable":true,"href":"https:\/\/m-acryl.hu\/prestige\/wp-json\/wp\/v2\/media\/7044"}],"wp:attachment":[{"href":"https:\/\/m-acryl.hu\/prestige\/wp-json\/wp\/v2\/media?parent=6619"}],"wp:term":[{"taxonomy":"product_brand","embeddable":true,"href":"https:\/\/m-acryl.hu\/prestige\/wp-json\/wp\/v2\/product_brand?post=6619"},{"taxonomy":"product_cat","embeddable":true,"href":"https:\/\/m-acryl.hu\/prestige\/wp-json\/wp\/v2\/product_cat?post=6619"},{"taxonomy":"product_tag","embeddable":true,"href":"https:\/\/m-acryl.hu\/prestige\/wp-json\/wp\/v2\/product_tag?post=6619"}],"curies":[{"name":"wp","href":"https:\/\/api.w.org\/{rel}","templated":true}]}}