{"id":6300,"date":"2024-11-13T13:22:53","date_gmt":"2024-11-13T13:22:53","guid":{"rendered":"https:\/\/m-acryl.hu\/prestige\/?post_type=product&#038;p=6300"},"modified":"2026-04-08T08:54:57","modified_gmt":"2026-04-08T08:54:57","slug":"optima-kulonleges-akril-kad","status":"publish","type":"product","link":"https:\/\/m-acryl.hu\/prestige\/termek\/optima-kulonleges-akril-kad\/","title":{"rendered":"Optima k\u00fcl\u00f6nleges akril k\u00e1d"},"content":{"rendered":"<p class=\"p1\">Ez a falhoz simul\u00f3 fu\u0308rd\u0151k\u00e1d kis t\u00e9rben is k\u00f6nnyen elhelyezhet\u0151, mik\u00f6zben eleg\u00e1ns \u00e9s k\u00e9nyelmes megold\u00e1st k\u00edn\u00e1l.<\/p>\n","protected":false},"excerpt":{"rendered":"<p class=\"p1\"><strong>Optima f\u00e9lszabadon \u00e1ll\u00f3 akril k\u00e1d<\/strong><\/p>\n<p class=\"p1\">Az Optima pr\u00e9mium k\u00fcl\u00f6nleges akril k\u00e1d, ami ergonomikus kialak\u00edt\u00e1s\u00e1val t\u00f6k\u00e9letes k\u00e9nyelmet biztos\u00edt minden pillanatban. A sima, meleg tapint\u00e1s\u00fa akril fel\u00fclet ellen\u00e1ll a mindennapok kih\u00edv\u00e1sainak, mik\u00f6zben k\u00f6nnyed eleganci\u00e1j\u00e1val harmonikusan illeszkedik a legmodernebb enteri\u0151r\u00f6kbe is. Az Optima falra tolhat\u00f3 f\u00e9lszabadon \u00e1ll\u00f3 k\u00e1dban a luxus \u00e9s a funkcionalit\u00e1s tal\u00e1lkozik, ami \u00faj szintre emeli az otthoni kikapcsol\u00f3d\u00e1st. Fedezze fel az Optima ny\u00fajtotta \u00e9lm\u00e9nyt, ahol a diz\u00e1jn \u00e9s a k\u00e9nyelem k\u00e9z a k\u00e9zben j\u00e1r, hogy minden f\u00fcrd\u0151z\u00e9s a t\u00f6k\u00e9letes felt\u00f6lt\u0151d\u00e9sr\u0151l sz\u00f3ljon!<\/p>\n<p class=\"p1\"><strong>Az Optima k\u00fcl\u00f6nleges k\u00e1d f\u0151bb tulajdons\u00e1gai:<\/strong><\/p>\n<ul class=\"ul1\">\n<li class=\"li1\">falra tolhat\u00f3 k\u00fcl\u00f6nleges akril k\u00e1d 160&#215;75,<\/li>\n<li class=\"li1\">k\u00e9t szem\u00e9lyes haszn\u00e1latra is k\u00e9nyelmes, k\u00f6z\u00e9plefoly\u00f3s kialak\u00edt\u00e1sban,<\/li>\n<li class=\"li1\">feh\u00e9r, \u00e9s matt fekete el\u0151lappal,<\/li>\n<li class=\"li1\">k\u00f6nnyen takar\u00edthat\u00f3 \u00e9s higi\u00e9nikus akril fel\u00fclettel,<\/li>\n<li class=\"li1\">15 \u00e9v term\u00e9kgaranci\u00e1val.<\/li>\n<\/ul>\n<p class=\"p1\">Az Optima k\u00fcl\u00f6nleges k\u00e1d \u00e1ra tartalmazza a k\u00e1dtestet, az el\u0151lap bor\u00edt\u00e1st, a kr\u00f3m Click-Clack lefoly\u00f3t \u00e9s a k\u00e1dl\u00e1bat.<\/p>\n<p>Az Optima t\u00f6k\u00e9letesen megtervezett form\u00e1ja garant\u00e1lja a k\u00e9nyelmes f\u00fcrd\u0151z\u00e9st. Ak\u00e1r a stresszes napok ut\u00e1ni relax\u00e1ci\u00f3hoz, ak\u00e1r egy gyors friss\u00edt\u0151 f\u00fcrd\u0151h\u00f6z, az Optima minden alkalommal az \u00d6n k\u00e9nyelm\u00e9t szolg\u00e1lja. V\u00e1lassza ezt a st\u00edlusos \u00e9s praktikus k\u00e1dat, \u00e9s teremtsen az otthon\u00e1ban olyan f\u00fcrd\u0151szob\u00e1t, ahol minden f\u00fcrd\u00e9sn\u00e9l felt\u00f6lt\u0151d\u00e9s \u00e9s a luxus k\u00e9nyelem v\u00e1rja.<\/p>\n","protected":false},"featured_media":6596,"template":"","meta":[],"product_brand":[],"product_cat":[193,194,65,196,171,175,174,218],"product_tag":[52,53,198,54],"class_list":{"0":"post-6300","1":"product","2":"type-product","3":"status-publish","4":"has-post-thumbnail","6":"product_cat-15-ev-garancia","7":"product_cat-2-szemelyes-kad","8":"product_cat-akril-kadak","9":"product_cat-antibakterialis-felulet","10":"product_cat-falhoz-rakhato-kadak","11":"product_cat-feher-kadak","12":"product_cat-matt-fekete-kadak","13":"product_cat-pakolhato-feluletu-kadak","14":"product_tag-15-ev-garancia","15":"product_tag-2-szemelyes-kad","16":"product_tag-akril","17":"product_tag-antibaterialis-felulet","19":"first","20":"instock","21":"sold-individually","22":"shipping-taxable","23":"purchasable","24":"product-type-variable","25":"has-default-attributes"},"yoast_head":"<!-- This site is optimized with the Yoast SEO plugin v27.2 - https:\/\/yoast.com\/product\/yoast-seo-wordpress\/ -->\n<title>Optima k\u00fcl\u00f6nleges akril k\u00e1d - Prestige<\/title>\n<meta name=\"description\" content=\"Az Optima pr\u00e9mium akril k\u00e1d ergonomikus kialak\u00edt\u00e1s\u00e1val \u00e9s modern diz\u00e1jnj\u00e1val t\u00f6k\u00e9letes k\u00e9nyelmet \u00e9s luxus \u00e9lm\u00e9nyt biztos\u00edt. Fedezze fel most!\" \/>\n<meta name=\"robots\" content=\"index, follow, max-snippet:-1, max-image-preview:large, max-video-preview:-1\" \/>\n<link rel=\"canonical\" href=\"https:\/\/m-acryl.hu\/prestige\/termek\/optima-kulonleges-akril-kad\/\" \/>\n<meta property=\"og:locale\" content=\"hu_HU\" \/>\n<meta property=\"og:type\" content=\"article\" \/>\n<meta property=\"og:title\" content=\"Optima k\u00fcl\u00f6nleges akril k\u00e1d - Prestige\" \/>\n<meta property=\"og:description\" content=\"Az Optima pr\u00e9mium akril k\u00e1d ergonomikus kialak\u00edt\u00e1s\u00e1val \u00e9s modern diz\u00e1jnj\u00e1val t\u00f6k\u00e9letes k\u00e9nyelmet \u00e9s luxus \u00e9lm\u00e9nyt biztos\u00edt. Fedezze fel most!\" \/>\n<meta property=\"og:url\" content=\"https:\/\/m-acryl.hu\/prestige\/termek\/optima-kulonleges-akril-kad\/\" \/>\n<meta property=\"og:site_name\" content=\"Prestige\" \/>\n<meta property=\"article:modified_time\" content=\"2026-04-08T08:54:57+00:00\" \/>\n<meta property=\"og:image\" content=\"https:\/\/m-acryl.hu\/prestige\/wp-content\/uploads\/2024\/11\/m-acryl-prestige-optima-acryl-szabadon-allo-kad-feher-01.webp\" \/>\n\t<meta property=\"og:image:width\" content=\"1920\" \/>\n\t<meta property=\"og:image:height\" content=\"1200\" \/>\n\t<meta property=\"og:image:type\" content=\"image\/webp\" \/>\n<meta name=\"twitter:card\" content=\"summary_large_image\" \/>\n<meta name=\"twitter:label1\" content=\"Becs\u00fclt olvas\u00e1si id\u0151\" \/>\n\t<meta name=\"twitter:data1\" content=\"1 perc\" \/>\n<script type=\"application\/ld+json\" class=\"yoast-schema-graph\">{\"@context\":\"https:\/\/schema.org\",\"@graph\":[{\"@type\":\"WebPage\",\"@id\":\"https:\/\/m-acryl.hu\/prestige\/termek\/optima-kulonleges-akril-kad\/\",\"url\":\"https:\/\/m-acryl.hu\/prestige\/termek\/optima-kulonleges-akril-kad\/\",\"name\":\"Optima k\u00fcl\u00f6nleges akril k\u00e1d - Prestige\",\"isPartOf\":{\"@id\":\"https:\/\/m-acryl.hu\/prestige\/#website\"},\"primaryImageOfPage\":{\"@id\":\"https:\/\/m-acryl.hu\/prestige\/termek\/optima-kulonleges-akril-kad\/#primaryimage\"},\"image\":{\"@id\":\"https:\/\/m-acryl.hu\/prestige\/termek\/optima-kulonleges-akril-kad\/#primaryimage\"},\"thumbnailUrl\":\"https:\/\/m-acryl.hu\/prestige\/wp-content\/uploads\/2024\/11\/m-acryl-prestige-optima-acryl-szabadon-allo-kad-feher-01.webp\",\"datePublished\":\"2024-11-13T13:22:53+00:00\",\"dateModified\":\"2026-04-08T08:54:57+00:00\",\"description\":\"Az Optima pr\u00e9mium akril k\u00e1d ergonomikus kialak\u00edt\u00e1s\u00e1val \u00e9s modern diz\u00e1jnj\u00e1val t\u00f6k\u00e9letes k\u00e9nyelmet \u00e9s luxus \u00e9lm\u00e9nyt biztos\u00edt. Fedezze fel most!\",\"breadcrumb\":{\"@id\":\"https:\/\/m-acryl.hu\/prestige\/termek\/optima-kulonleges-akril-kad\/#breadcrumb\"},\"inLanguage\":\"hu\",\"potentialAction\":[{\"@type\":\"ReadAction\",\"target\":[\"https:\/\/m-acryl.hu\/prestige\/termek\/optima-kulonleges-akril-kad\/\"]}]},{\"@type\":\"ImageObject\",\"inLanguage\":\"hu\",\"@id\":\"https:\/\/m-acryl.hu\/prestige\/termek\/optima-kulonleges-akril-kad\/#primaryimage\",\"url\":\"https:\/\/m-acryl.hu\/prestige\/wp-content\/uploads\/2024\/11\/m-acryl-prestige-optima-acryl-szabadon-allo-kad-feher-01.webp\",\"contentUrl\":\"https:\/\/m-acryl.hu\/prestige\/wp-content\/uploads\/2024\/11\/m-acryl-prestige-optima-acryl-szabadon-allo-kad-feher-01.webp\",\"width\":1920,\"height\":1200,\"caption\":\"M-Acrlyl Prestige Optima falhoz tolhat\u00f3 f\u00e9lszabadon \u00e1ll\u00f3 k\u00e1d\"},{\"@type\":\"BreadcrumbList\",\"@id\":\"https:\/\/m-acryl.hu\/prestige\/termek\/optima-kulonleges-akril-kad\/#breadcrumb\",\"itemListElement\":[{\"@type\":\"ListItem\",\"position\":1,\"name\":\"Kezd\u0151lap\",\"item\":\"https:\/\/m-acryl.hu\/prestige\/\"},{\"@type\":\"ListItem\",\"position\":2,\"name\":\"K\u00e1dak\",\"item\":\"https:\/\/m-acryl.hu\/prestige\/kadak\/\"},{\"@type\":\"ListItem\",\"position\":3,\"name\":\"Optima k\u00fcl\u00f6nleges akril k\u00e1d\"}]},{\"@type\":\"WebSite\",\"@id\":\"https:\/\/m-acryl.hu\/prestige\/#website\",\"url\":\"https:\/\/m-acryl.hu\/prestige\/\",\"name\":\"Prestige\",\"description\":\"Kiemelt k\u00e9nyelem minden nap\",\"potentialAction\":[{\"@type\":\"SearchAction\",\"target\":{\"@type\":\"EntryPoint\",\"urlTemplate\":\"https:\/\/m-acryl.hu\/prestige\/?s={search_term_string}\"},\"query-input\":{\"@type\":\"PropertyValueSpecification\",\"valueRequired\":true,\"valueName\":\"search_term_string\"}}],\"inLanguage\":\"hu\"}]}<\/script>\n<!-- \/ Yoast SEO plugin. -->","yoast_head_json":{"title":"Optima k\u00fcl\u00f6nleges akril k\u00e1d - Prestige","description":"Az Optima pr\u00e9mium akril k\u00e1d ergonomikus kialak\u00edt\u00e1s\u00e1val \u00e9s modern diz\u00e1jnj\u00e1val t\u00f6k\u00e9letes k\u00e9nyelmet \u00e9s luxus \u00e9lm\u00e9nyt biztos\u00edt. Fedezze fel most!","robots":{"index":"index","follow":"follow","max-snippet":"max-snippet:-1","max-image-preview":"max-image-preview:large","max-video-preview":"max-video-preview:-1"},"canonical":"https:\/\/m-acryl.hu\/prestige\/termek\/optima-kulonleges-akril-kad\/","og_locale":"hu_HU","og_type":"article","og_title":"Optima k\u00fcl\u00f6nleges akril k\u00e1d - Prestige","og_description":"Az Optima pr\u00e9mium akril k\u00e1d ergonomikus kialak\u00edt\u00e1s\u00e1val \u00e9s modern diz\u00e1jnj\u00e1val t\u00f6k\u00e9letes k\u00e9nyelmet \u00e9s luxus \u00e9lm\u00e9nyt biztos\u00edt. Fedezze fel most!","og_url":"https:\/\/m-acryl.hu\/prestige\/termek\/optima-kulonleges-akril-kad\/","og_site_name":"Prestige","article_modified_time":"2026-04-08T08:54:57+00:00","og_image":[{"width":1920,"height":1200,"url":"https:\/\/m-acryl.hu\/prestige\/wp-content\/uploads\/2024\/11\/m-acryl-prestige-optima-acryl-szabadon-allo-kad-feher-01.webp","type":"image\/webp"}],"twitter_card":"summary_large_image","twitter_misc":{"Becs\u00fclt olvas\u00e1si id\u0151":"1 perc"},"schema":{"@context":"https:\/\/schema.org","@graph":[{"@type":"WebPage","@id":"https:\/\/m-acryl.hu\/prestige\/termek\/optima-kulonleges-akril-kad\/","url":"https:\/\/m-acryl.hu\/prestige\/termek\/optima-kulonleges-akril-kad\/","name":"Optima k\u00fcl\u00f6nleges akril k\u00e1d - Prestige","isPartOf":{"@id":"https:\/\/m-acryl.hu\/prestige\/#website"},"primaryImageOfPage":{"@id":"https:\/\/m-acryl.hu\/prestige\/termek\/optima-kulonleges-akril-kad\/#primaryimage"},"image":{"@id":"https:\/\/m-acryl.hu\/prestige\/termek\/optima-kulonleges-akril-kad\/#primaryimage"},"thumbnailUrl":"https:\/\/m-acryl.hu\/prestige\/wp-content\/uploads\/2024\/11\/m-acryl-prestige-optima-acryl-szabadon-allo-kad-feher-01.webp","datePublished":"2024-11-13T13:22:53+00:00","dateModified":"2026-04-08T08:54:57+00:00","description":"Az Optima pr\u00e9mium akril k\u00e1d ergonomikus kialak\u00edt\u00e1s\u00e1val \u00e9s modern diz\u00e1jnj\u00e1val t\u00f6k\u00e9letes k\u00e9nyelmet \u00e9s luxus \u00e9lm\u00e9nyt biztos\u00edt. Fedezze fel most!","breadcrumb":{"@id":"https:\/\/m-acryl.hu\/prestige\/termek\/optima-kulonleges-akril-kad\/#breadcrumb"},"inLanguage":"hu","potentialAction":[{"@type":"ReadAction","target":["https:\/\/m-acryl.hu\/prestige\/termek\/optima-kulonleges-akril-kad\/"]}]},{"@type":"ImageObject","inLanguage":"hu","@id":"https:\/\/m-acryl.hu\/prestige\/termek\/optima-kulonleges-akril-kad\/#primaryimage","url":"https:\/\/m-acryl.hu\/prestige\/wp-content\/uploads\/2024\/11\/m-acryl-prestige-optima-acryl-szabadon-allo-kad-feher-01.webp","contentUrl":"https:\/\/m-acryl.hu\/prestige\/wp-content\/uploads\/2024\/11\/m-acryl-prestige-optima-acryl-szabadon-allo-kad-feher-01.webp","width":1920,"height":1200,"caption":"M-Acrlyl Prestige Optima falhoz tolhat\u00f3 f\u00e9lszabadon \u00e1ll\u00f3 k\u00e1d"},{"@type":"BreadcrumbList","@id":"https:\/\/m-acryl.hu\/prestige\/termek\/optima-kulonleges-akril-kad\/#breadcrumb","itemListElement":[{"@type":"ListItem","position":1,"name":"Kezd\u0151lap","item":"https:\/\/m-acryl.hu\/prestige\/"},{"@type":"ListItem","position":2,"name":"K\u00e1dak","item":"https:\/\/m-acryl.hu\/prestige\/kadak\/"},{"@type":"ListItem","position":3,"name":"Optima k\u00fcl\u00f6nleges akril k\u00e1d"}]},{"@type":"WebSite","@id":"https:\/\/m-acryl.hu\/prestige\/#website","url":"https:\/\/m-acryl.hu\/prestige\/","name":"Prestige","description":"Kiemelt k\u00e9nyelem minden nap","potentialAction":[{"@type":"SearchAction","target":{"@type":"EntryPoint","urlTemplate":"https:\/\/m-acryl.hu\/prestige\/?s={search_term_string}"},"query-input":{"@type":"PropertyValueSpecification","valueRequired":true,"valueName":"search_term_string"}}],"inLanguage":"hu"}]}},"_links":{"self":[{"href":"https:\/\/m-acryl.hu\/prestige\/wp-json\/wp\/v2\/product\/6300","targetHints":{"allow":["GET"]}}],"collection":[{"href":"https:\/\/m-acryl.hu\/prestige\/wp-json\/wp\/v2\/product"}],"about":[{"href":"https:\/\/m-acryl.hu\/prestige\/wp-json\/wp\/v2\/types\/product"}],"wp:featuredmedia":[{"embeddable":true,"href":"https:\/\/m-acryl.hu\/prestige\/wp-json\/wp\/v2\/media\/6596"}],"wp:attachment":[{"href":"https:\/\/m-acryl.hu\/prestige\/wp-json\/wp\/v2\/media?parent=6300"}],"wp:term":[{"taxonomy":"product_brand","embeddable":true,"href":"https:\/\/m-acryl.hu\/prestige\/wp-json\/wp\/v2\/product_brand?post=6300"},{"taxonomy":"product_cat","embeddable":true,"href":"https:\/\/m-acryl.hu\/prestige\/wp-json\/wp\/v2\/product_cat?post=6300"},{"taxonomy":"product_tag","embeddable":true,"href":"https:\/\/m-acryl.hu\/prestige\/wp-json\/wp\/v2\/product_tag?post=6300"}],"curies":[{"name":"wp","href":"https:\/\/api.w.org\/{rel}","templated":true}]}}