{"id":6961,"date":"2025-01-24T10:58:31","date_gmt":"2025-01-24T10:58:31","guid":{"rendered":"https:\/\/m-acryl.hu\/prestige\/?page_id=6961"},"modified":"2026-03-12T14:17:14","modified_gmt":"2026-03-12T14:17:14","slug":"szabadon-allo-kad-170-cm","status":"publish","type":"page","link":"https:\/\/m-acryl.hu\/prestige\/szabadon-allo-kad-170-cm\/","title":{"rendered":"Szabadon \u00e1ll\u00f3 k\u00e1d 170 cm"},"content":{"rendered":"<p><div class=\"fusion-fullwidth fullwidth-box fusion-builder-row-1 fusion-flex-container has-pattern-background has-mask-background hundred-percent-fullwidth non-hundred-percent-height-scrolling\" style=\"--awb-border-radius-top-left:0px;--awb-border-radius-top-right:0px;--awb-border-radius-bottom-right:0px;--awb-border-radius-bottom-left:0px;--awb-padding-top:64px;--awb-padding-right:7vw;--awb-padding-bottom:100px;--awb-padding-left:7vw;--awb-padding-right-medium:7vw;--awb-padding-left-medium:7vw;--awb-padding-top-small:0px;--awb-padding-right-small:5vw;--awb-padding-bottom-small:0px;--awb-padding-left-small:5vw;--awb-flex-wrap:wrap;\" ><div class=\"fusion-builder-row fusion-row fusion-flex-align-items-flex-start fusion-flex-content-wrap\" style=\"width:104% !important;max-width:104% !important;margin-left: calc(-4% \/ 2 );margin-right: calc(-4% \/ 2 );\"><div class=\"fusion-layout-column fusion_builder_column fusion-builder-column-0 fusion_builder_column_1_1 1_1 fusion-flex-column\" style=\"--awb-bg-size:cover;--awb-width-large:100%;--awb-margin-top-large:0px;--awb-spacing-right-large:1.92%;--awb-margin-bottom-large:20px;--awb-spacing-left-large:1.92%;--awb-width-medium:100%;--awb-order-medium:0;--awb-spacing-right-medium:1.92%;--awb-spacing-left-medium:1.92%;--awb-width-small:100%;--awb-order-small:0;--awb-spacing-right-small:1.92%;--awb-spacing-left-small:1.92%;\"><div class=\"fusion-column-wrapper fusion-column-has-shadow fusion-flex-justify-content-flex-start fusion-content-layout-column\"><div class=\"fusion-post-cards fusion-post-cards-1 fusion-grid-archive fusion-grid-columns-3\" style=\"--awb-column-spacing:50px;--awb-dots-align:center;--awb-columns:3;--awb-filters-hover-color:var(--awb-color4);--awb-filters-active-color:var(--awb-color1);--awb-active-filter-border-size:0px;--awb-filters-border-color:var(--awb-color4);--awb-filters-height:36px;\" data-post-type-label=\"term\u00e9kek\"><ul class=\"fusion-grid fusion-grid-3 fusion-flex-align-items-flex-start fusion-grid-posts-cards fusion-grid-container-infinite\" data-pages=\"1\"><li class=\"fusion-layout-column fusion_builder_column fusion-builder-column-1 fusion-flex-column post-card fusion-grid-column fusion-post-cards-grid-column product-grid-view product type-product\" style=\"--awb-padding-top:10px;--awb-padding-right:10px;--awb-padding-bottom:10px;--awb-padding-left:10px;--awb-padding-top-medium:10px;--awb-padding-right-medium:10px;--awb-padding-bottom-medium:10px;--awb-padding-left-medium:10px;--awb-padding-top-small:10px;--awb-padding-right-small:10px;--awb-padding-bottom-small:10px;--awb-padding-left-small:10px;--awb-bg-color:rgba(36,48,90,0);--awb-bg-color-hover:rgba(36,48,90,0);--awb-bg-blend:overlay;--awb-bg-size:cover;--awb-border-color:var(--awb-color4);--awb-border-top:1px;--awb-border-right:1px;--awb-border-bottom:1px;--awb-border-left:1px;--awb-border-style:solid;--awb-flex-grow:0;--awb-flex-shrink:0;--awb-flex-grow-medium:0;--awb-flex-shrink-medium:0;--awb-flex-grow-small:0;--awb-flex-shrink-small:0;\" data-scroll-devices=\"small-visibility,medium-visibility,large-visibility\"><div class=\"fusion-column-wrapper fusion-column-has-shadow fusion-flex-justify-content-flex-start fusion-content-layout-column\"><div class=\"fusion-image-element \" style=\"text-align:center;--awb-aspect-ratio:1 \/ 1;--awb-margin-right:0px;--awb-margin-left:0px;--awb-margin-right-medium:0px;--awb-margin-left-medium:0px;--awb-margin-right-small:0px;--awb-margin-left-small:0px;--awb-caption-title-font-family:var(--h2_typography-font-family);--awb-caption-title-font-weight:var(--h2_typography-font-weight);--awb-caption-title-font-style:var(--h2_typography-font-style);--awb-caption-title-size:var(--h2_typography-font-size);--awb-caption-title-transform:var(--h2_typography-text-transform);--awb-caption-title-line-height:var(--h2_typography-line-height);--awb-caption-title-letter-spacing:var(--h2_typography-letter-spacing);\"><span class=\" fusion-imageframe imageframe-none imageframe-1 hover-type-none has-aspect-ratio\"><a class=\"fusion-no-lightbox\" href=\"https:\/\/m-acryl.hu\/prestige\/termek\/avalon-kulonleges-akril-kad\/\" target=\"_self\" aria-label=\"m-acryl-prestige-avalon-acryl-szabadon-allo-kad-feher-01\"><img decoding=\"async\" width=\"1920\" height=\"1320\" src=\"https:\/\/m-acryl.hu\/prestige\/wp-content\/uploads\/2024\/08\/m-acryl-prestige-avalon-acryl-szabadon-allo-kad-feher-01.webp\" data-orig-src=\"https:\/\/m-acryl.hu\/prestige\/wp-content\/uploads\/2024\/08\/m-acryl-prestige-avalon-acryl-szabadon-allo-kad-feher-01.webp\" class=\"lazyload img-responsive wp-image-6045 img-with-aspect-ratio\" data-parent-fit=\"cover\" data-parent-container=\".fusion-image-element\" alt srcset=\"data:image\/svg+xml,%3Csvg%20xmlns%3D%27http%3A%2F%2Fwww.w3.org%2F2000%2Fsvg%27%20width%3D%271920%27%20height%3D%271320%27%20viewBox%3D%270%200%201920%201320%27%3E%3Crect%20width%3D%271920%27%20height%3D%271320%27%20fill-opacity%3D%220%22%2F%3E%3C%2Fsvg%3E\" data-srcset=\"https:\/\/m-acryl.hu\/prestige\/wp-content\/uploads\/2024\/08\/m-acryl-prestige-avalon-acryl-szabadon-allo-kad-feher-01-200x138.webp 200w, https:\/\/m-acryl.hu\/prestige\/wp-content\/uploads\/2024\/08\/m-acryl-prestige-avalon-acryl-szabadon-allo-kad-feher-01-400x275.webp 400w, https:\/\/m-acryl.hu\/prestige\/wp-content\/uploads\/2024\/08\/m-acryl-prestige-avalon-acryl-szabadon-allo-kad-feher-01-600x413.webp 600w, https:\/\/m-acryl.hu\/prestige\/wp-content\/uploads\/2024\/08\/m-acryl-prestige-avalon-acryl-szabadon-allo-kad-feher-01-800x550.webp 800w, https:\/\/m-acryl.hu\/prestige\/wp-content\/uploads\/2024\/08\/m-acryl-prestige-avalon-acryl-szabadon-allo-kad-feher-01-1200x825.webp 1200w, https:\/\/m-acryl.hu\/prestige\/wp-content\/uploads\/2024\/08\/m-acryl-prestige-avalon-acryl-szabadon-allo-kad-feher-01.webp 1920w\" data-sizes=\"auto\" data-orig-sizes=\"(max-width: 740px) 100vw, 1920px\" \/><\/a><\/span><\/div><div style=\"margin: 10px 0 0;\"><\/div><div class=\"fusion-title title fusion-title-1 fusion-no-medium-visibility fusion-no-large-visibility fusion-sep-none fusion-title-text fusion-title-size-three\" style=\"--awb-text-color:var(--awb-color1);--awb-margin-top:0px;--awb-margin-bottom:20px;--awb-margin-top-small:10px;--awb-margin-right-small:0px;--awb-margin-bottom-small:20px;--awb-margin-left-small:0px;--awb-margin-top-medium:0px;--awb-margin-right-medium:0px;--awb-margin-bottom-medium:20px;--awb-margin-left-medium:0px;--awb-link-color:var(--awb-color1);--awb-link-hover-color:var(--awb-color4);--awb-font-size:30px;\"><h3 class=\"fusion-title-heading title-heading-left fusion-responsive-typography-calculated\" style=\"font-family:&quot;Poppins&quot;;font-style:normal;font-weight:700;margin:0;text-transform:var(--awb-typography1-text-transform);font-size:1em;--fontSize:30;line-height:1.2;\"><a href=\"https:\/\/m-acryl.hu\/prestige\/termek\/avalon-kulonleges-akril-kad\/\" class=\"awb-custom-text-color awb-custom-text-hover-color\" target=\"_self\">Avalon k\u00fcl\u00f6nleges akril k\u00e1d<\/a><\/h3><\/div><div style=\"margin: 10px 0 0;\"><\/div><div class=\"fusion-title title fusion-title-2 fusion-no-small-visibility fusion-sep-none fusion-title-text fusion-title-size-three\" style=\"--awb-text-color:var(--awb-color1);--awb-margin-top:1vw;--awb-margin-bottom:1vw;--awb-margin-top-small:12px;--awb-margin-right-small:0px;--awb-margin-bottom-small:20px;--awb-margin-left-small:0px;--awb-link-color:var(--awb-color1);--awb-link-hover-color:var(--awb-color4);--awb-sep-color:var(--awb-color1);--awb-font-size:25px;\"><h3 class=\"fusion-title-heading title-heading-left fusion-responsive-typography-calculated\" style=\"font-family:&quot;Poppins&quot;;font-style:normal;font-weight:700;margin:0;text-transform:var(--awb-typography1-text-transform);font-size:1em;--fontSize:25;line-height:1.2;\"><a href=\"https:\/\/m-acryl.hu\/prestige\/termek\/avalon-kulonleges-akril-kad\/\" class=\"awb-custom-text-color awb-custom-text-hover-color\" target=\"_self\">Avalon k\u00fcl\u00f6nleges akril k\u00e1d<\/a><\/h3><\/div><div class=\"fusion-separator fusion-full-width-sep\" style=\"align-self: center;margin-left: auto;margin-right: auto;flex-grow:1;width:100%;\"><\/div><div class=\"fusion-woo-cart fusion-post-card-cart awb-variation-layout-floated awb-variation-clear-absolute awb-label-yes awb-add-to-cart-style-button awb-product-style-link\" style=\"--awb-quantity-margin-top:0px;--awb-quantity-margin-right:0px;--awb-quantity-margin-bottom:10px;--awb-quantity-margin-left:0px;--awb-button-border-top:1px;--awb-button-border-right:1px;--awb-button-border-bottom:1px;--awb-button-border-left:1px;--awb-button-color:var(--awb-color4);--awb-button-border-color-hover:var(--awb-color5);--awb-button-gradient-top:rgba(36,48,90,0);--awb-button-gradient-bottom:rgba(36,48,90,0);--awb-button-gradient-top-hover:var(--awb-color5);--awb-button-gradient-bottom-hover:var(--awb-color5);--awb-label-font-size:12px;--awb-select-font-size:30px;--awb-select-color:var(--awb-color1);--awb-select-background:var(--awb-color1);--awb-select-border-color:var(--awb-color4);--awb-select-border-sizes-top:5px;--awb-select-border-sizes-right:5px;--awb-select-border-sizes-bottom:5px;--awb-select-border-sizes-left:5px;--awb-swatch-background-color:rgba(255,255,255,0);--awb-swatch-border-color:var(--awb-color4);--awb-swatch-background-color-active:var(--awb-color5);--awb-swatch-border-color-active:var(--awb-color4);--awb-color-swatch-height:35px;--awb-color-swatch-border-radius-top-left:100px;--awb-color-swatch-border-radius-top-right:100px;--awb-color-swatch-border-radius-bottom-right:100px;--awb-color-swatch-border-radius-bottom-left:100px;--awb-button-swatch-border-radius-top-left:0px;--awb-button-swatch-border-radius-top-right:0px;--awb-button-swatch-border-radius-bottom-right:0px;--awb-button-swatch-border-radius-bottom-left:0px;--awb-button-swatch-font-size:14px;--awb-button-swatch-color:var(--awb-color1);--awb-button-swatch-color-active:var(--awb-color1);--awb-justify-content:flex-start;--awb-align-items:center;--awb-arrow-border-left:5px solid var(--awb-color4);--awb-swatch-border-color-hover:hsla(var(--awb-color4-h),var(--awb-color4-s),var(--awb-color4-l),calc(var(--awb-color4-a) - 50%));--awb-color-swatch-width:35px;\">\n<form class=\"variations_form cart\" action=\"https:\/\/m-acryl.hu\/prestige\/termek\/avalon-kulonleges-akril-kad\/\" method=\"post\" enctype='multipart\/form-data' data-product_id=\"4353\" data-product_variations=\"[{&quot;attributes&quot;:{&quot;attribute_pa_meret&quot;:&quot;160x80&quot;,&quot;attribute_pa_szin&quot;:&quot;fenyes-feher&quot;,&quot;attribute_pa_netto-suly&quot;:&quot;65-kg&quot;,&quot;attribute_pa_urtartalom&quot;:&quot;190-l&quot;},&quot;availability_html&quot;:&quot;&quot;,&quot;backorders_allowed&quot;:false,&quot;dimensions&quot;:{&quot;length&quot;:&quot;160&quot;,&quot;width&quot;:&quot;80&quot;,&quot;height&quot;:&quot;60&quot;},&quot;dimensions_html&quot;:&quot;160 &amp;times; 80 &amp;times; 60 cm&quot;,&quot;display_price&quot;:659000,&quot;display_regular_price&quot;:659000,&quot;image&quot;:{&quot;title&quot;:&quot;avalon-oldalnezet-feher&quot;,&quot;caption&quot;:&quot;&quot;,&quot;url&quot;:&quot;https:\\\/\\\/m-acryl.hu\\\/prestige\\\/wp-content\\\/uploads\\\/2024\\\/06\\\/avalon-oldalnezet-feher-scaled.webp&quot;,&quot;alt&quot;:&quot;M-Acryl Prestige k\\u00e1d, Avalon falra tolhat\\u00f3 szabadon \\u00e1ll\\u00f3 k\\u00e1d, akril k\\u00e1d&quot;,&quot;src&quot;:&quot;https:\\\/\\\/m-acryl.hu\\\/prestige\\\/wp-content\\\/uploads\\\/2024\\\/06\\\/avalon-oldalnezet-feher-scaled-700x399.webp&quot;,&quot;srcset&quot;:&quot;https:\\\/\\\/m-acryl.hu\\\/prestige\\\/wp-content\\\/uploads\\\/2024\\\/06\\\/avalon-oldalnezet-feher-200x114.webp 200w, https:\\\/\\\/m-acryl.hu\\\/prestige\\\/wp-content\\\/uploads\\\/2024\\\/06\\\/avalon-oldalnezet-feher-300x171.webp 300w, https:\\\/\\\/m-acryl.hu\\\/prestige\\\/wp-content\\\/uploads\\\/2024\\\/06\\\/avalon-oldalnezet-feher-400x228.webp 400w, https:\\\/\\\/m-acryl.hu\\\/prestige\\\/wp-content\\\/uploads\\\/2024\\\/06\\\/avalon-oldalnezet-feher-scaled-500x285.webp 500w, https:\\\/\\\/m-acryl.hu\\\/prestige\\\/wp-content\\\/uploads\\\/2024\\\/06\\\/avalon-oldalnezet-feher-600x342.webp 600w, https:\\\/\\\/m-acryl.hu\\\/prestige\\\/wp-content\\\/uploads\\\/2024\\\/06\\\/avalon-oldalnezet-feher-scaled-700x399.webp 700w, https:\\\/\\\/m-acryl.hu\\\/prestige\\\/wp-content\\\/uploads\\\/2024\\\/06\\\/avalon-oldalnezet-feher-768x437.webp 768w, https:\\\/\\\/m-acryl.hu\\\/prestige\\\/wp-content\\\/uploads\\\/2024\\\/06\\\/avalon-oldalnezet-feher-800x456.webp 800w, https:\\\/\\\/m-acryl.hu\\\/prestige\\\/wp-content\\\/uploads\\\/2024\\\/06\\\/avalon-oldalnezet-feher-1024x583.webp 1024w, https:\\\/\\\/m-acryl.hu\\\/prestige\\\/wp-content\\\/uploads\\\/2024\\\/06\\\/avalon-oldalnezet-feher-1200x683.webp 1200w, https:\\\/\\\/m-acryl.hu\\\/prestige\\\/wp-content\\\/uploads\\\/2024\\\/06\\\/avalon-oldalnezet-feher-1536x875.webp 1536w&quot;,&quot;sizes&quot;:&quot;(max-width: 700px) 100vw, 700px&quot;,&quot;full_src&quot;:&quot;https:\\\/\\\/m-acryl.hu\\\/prestige\\\/wp-content\\\/uploads\\\/2024\\\/06\\\/avalon-oldalnezet-feher-scaled.webp&quot;,&quot;full_src_w&quot;:2560,&quot;full_src_h&quot;:1458,&quot;gallery_thumbnail_src&quot;:&quot;https:\\\/\\\/m-acryl.hu\\\/prestige\\\/wp-content\\\/uploads\\\/2024\\\/06\\\/avalon-oldalnezet-feher-scaled-400x400.webp&quot;,&quot;gallery_thumbnail_src_w&quot;:400,&quot;gallery_thumbnail_src_h&quot;:400,&quot;thumb_src&quot;:&quot;https:\\\/\\\/m-acryl.hu\\\/prestige\\\/wp-content\\\/uploads\\\/2024\\\/06\\\/avalon-oldalnezet-feher-scaled-500x285.webp&quot;,&quot;thumb_src_w&quot;:500,&quot;thumb_src_h&quot;:285,&quot;src_w&quot;:700,&quot;src_h&quot;:399},&quot;image_id&quot;:4219,&quot;is_downloadable&quot;:false,&quot;is_in_stock&quot;:true,&quot;is_purchasable&quot;:true,&quot;is_sold_individually&quot;:&quot;yes&quot;,&quot;is_virtual&quot;:false,&quot;max_qty&quot;:1,&quot;min_qty&quot;:1,&quot;price_html&quot;:&quot;&lt;span class=\\&quot;price\\&quot;&gt;&lt;span class=\\&quot;woocommerce-Price-amount amount\\&quot;&gt;&lt;bdi&gt;659 000&amp;nbsp;&lt;span class=\\&quot;woocommerce-Price-currencySymbol\\&quot;&gt;&amp;#70;&amp;#116;&lt;\\\/span&gt;&lt;\\\/bdi&gt;&lt;\\\/span&gt;&lt;\\\/span&gt;&quot;,&quot;sku&quot;:&quot;&quot;,&quot;variation_description&quot;:&quot;&quot;,&quot;variation_id&quot;:4368,&quot;variation_is_active&quot;:true,&quot;variation_is_visible&quot;:true,&quot;weight&quot;:&quot;65&quot;,&quot;weight_html&quot;:&quot;65 kg&quot;},{&quot;attributes&quot;:{&quot;attribute_pa_meret&quot;:&quot;160x80&quot;,&quot;attribute_pa_szin&quot;:&quot;fenyes-fekete&quot;,&quot;attribute_pa_netto-suly&quot;:&quot;65-kg&quot;,&quot;attribute_pa_urtartalom&quot;:&quot;190-l&quot;},&quot;availability_html&quot;:&quot;&quot;,&quot;backorders_allowed&quot;:false,&quot;dimensions&quot;:{&quot;length&quot;:&quot;160&quot;,&quot;width&quot;:&quot;80&quot;,&quot;height&quot;:&quot;60&quot;},&quot;dimensions_html&quot;:&quot;160 &amp;times; 80 &amp;times; 60 cm&quot;,&quot;display_price&quot;:725000,&quot;display_regular_price&quot;:725000,&quot;image&quot;:{&quot;title&quot;:&quot;avalon-oldalnezet-fenyes-fekete&quot;,&quot;caption&quot;:&quot;&quot;,&quot;url&quot;:&quot;https:\\\/\\\/m-acryl.hu\\\/prestige\\\/wp-content\\\/uploads\\\/2024\\\/06\\\/avalon-oldalnezet-fenyes-fekete-scaled.webp&quot;,&quot;alt&quot;:&quot;M-Acryl Prestige k\\u00e1d, Avalon falra tolhat\\u00f3 szabadon \\u00e1ll\\u00f3 k\\u00e1d&quot;,&quot;src&quot;:&quot;https:\\\/\\\/m-acryl.hu\\\/prestige\\\/wp-content\\\/uploads\\\/2024\\\/06\\\/avalon-oldalnezet-fenyes-fekete-scaled-700x398.webp&quot;,&quot;srcset&quot;:&quot;https:\\\/\\\/m-acryl.hu\\\/prestige\\\/wp-content\\\/uploads\\\/2024\\\/06\\\/avalon-oldalnezet-fenyes-fekete-200x114.webp 200w, https:\\\/\\\/m-acryl.hu\\\/prestige\\\/wp-content\\\/uploads\\\/2024\\\/06\\\/avalon-oldalnezet-fenyes-fekete-300x170.webp 300w, https:\\\/\\\/m-acryl.hu\\\/prestige\\\/wp-content\\\/uploads\\\/2024\\\/06\\\/avalon-oldalnezet-fenyes-fekete-400x227.webp 400w, https:\\\/\\\/m-acryl.hu\\\/prestige\\\/wp-content\\\/uploads\\\/2024\\\/06\\\/avalon-oldalnezet-fenyes-fekete-scaled-500x284.webp 500w, https:\\\/\\\/m-acryl.hu\\\/prestige\\\/wp-content\\\/uploads\\\/2024\\\/06\\\/avalon-oldalnezet-fenyes-fekete-600x341.webp 600w, https:\\\/\\\/m-acryl.hu\\\/prestige\\\/wp-content\\\/uploads\\\/2024\\\/06\\\/avalon-oldalnezet-fenyes-fekete-scaled-700x398.webp 700w, https:\\\/\\\/m-acryl.hu\\\/prestige\\\/wp-content\\\/uploads\\\/2024\\\/06\\\/avalon-oldalnezet-fenyes-fekete-768x436.webp 768w, https:\\\/\\\/m-acryl.hu\\\/prestige\\\/wp-content\\\/uploads\\\/2024\\\/06\\\/avalon-oldalnezet-fenyes-fekete-800x455.webp 800w, https:\\\/\\\/m-acryl.hu\\\/prestige\\\/wp-content\\\/uploads\\\/2024\\\/06\\\/avalon-oldalnezet-fenyes-fekete-1024x582.webp 1024w, https:\\\/\\\/m-acryl.hu\\\/prestige\\\/wp-content\\\/uploads\\\/2024\\\/06\\\/avalon-oldalnezet-fenyes-fekete-1200x682.webp 1200w, https:\\\/\\\/m-acryl.hu\\\/prestige\\\/wp-content\\\/uploads\\\/2024\\\/06\\\/avalon-oldalnezet-fenyes-fekete-1536x873.webp 1536w&quot;,&quot;sizes&quot;:&quot;(max-width: 700px) 100vw, 700px&quot;,&quot;full_src&quot;:&quot;https:\\\/\\\/m-acryl.hu\\\/prestige\\\/wp-content\\\/uploads\\\/2024\\\/06\\\/avalon-oldalnezet-fenyes-fekete-scaled.webp&quot;,&quot;full_src_w&quot;:2560,&quot;full_src_h&quot;:1455,&quot;gallery_thumbnail_src&quot;:&quot;https:\\\/\\\/m-acryl.hu\\\/prestige\\\/wp-content\\\/uploads\\\/2024\\\/06\\\/avalon-oldalnezet-fenyes-fekete-scaled-400x400.webp&quot;,&quot;gallery_thumbnail_src_w&quot;:400,&quot;gallery_thumbnail_src_h&quot;:400,&quot;thumb_src&quot;:&quot;https:\\\/\\\/m-acryl.hu\\\/prestige\\\/wp-content\\\/uploads\\\/2024\\\/06\\\/avalon-oldalnezet-fenyes-fekete-scaled-500x284.webp&quot;,&quot;thumb_src_w&quot;:500,&quot;thumb_src_h&quot;:284,&quot;src_w&quot;:700,&quot;src_h&quot;:398},&quot;image_id&quot;:4220,&quot;is_downloadable&quot;:false,&quot;is_in_stock&quot;:true,&quot;is_purchasable&quot;:true,&quot;is_sold_individually&quot;:&quot;yes&quot;,&quot;is_virtual&quot;:false,&quot;max_qty&quot;:1,&quot;min_qty&quot;:1,&quot;price_html&quot;:&quot;&lt;span class=\\&quot;price\\&quot;&gt;&lt;span class=\\&quot;woocommerce-Price-amount amount\\&quot;&gt;&lt;bdi&gt;725 000&amp;nbsp;&lt;span class=\\&quot;woocommerce-Price-currencySymbol\\&quot;&gt;&amp;#70;&amp;#116;&lt;\\\/span&gt;&lt;\\\/bdi&gt;&lt;\\\/span&gt;&lt;\\\/span&gt;&quot;,&quot;sku&quot;:&quot;&quot;,&quot;variation_description&quot;:&quot;&quot;,&quot;variation_id&quot;:4355,&quot;variation_is_active&quot;:true,&quot;variation_is_visible&quot;:true,&quot;weight&quot;:&quot;54&quot;,&quot;weight_html&quot;:&quot;54 kg&quot;},{&quot;attributes&quot;:{&quot;attribute_pa_meret&quot;:&quot;160x80&quot;,&quot;attribute_pa_szin&quot;:&quot;matt-fekete&quot;,&quot;attribute_pa_netto-suly&quot;:&quot;65-kg&quot;,&quot;attribute_pa_urtartalom&quot;:&quot;190-l&quot;},&quot;availability_html&quot;:&quot;&quot;,&quot;backorders_allowed&quot;:false,&quot;dimensions&quot;:{&quot;length&quot;:&quot;160&quot;,&quot;width&quot;:&quot;80&quot;,&quot;height&quot;:&quot;60&quot;},&quot;dimensions_html&quot;:&quot;160 &amp;times; 80 &amp;times; 60 cm&quot;,&quot;display_price&quot;:795000,&quot;display_regular_price&quot;:795000,&quot;image&quot;:{&quot;title&quot;:&quot;avalon-oldalnezet-matt-fekete&quot;,&quot;caption&quot;:&quot;&quot;,&quot;url&quot;:&quot;https:\\\/\\\/m-acryl.hu\\\/prestige\\\/wp-content\\\/uploads\\\/2024\\\/06\\\/avalon-oldalnezet-matt-fekete-scaled.webp&quot;,&quot;alt&quot;:&quot;M-Acryl Prestige k\\u00e1d, Avalon f\\u00e9lszabadon \\u00e1ll\\u00f3 k\\u00e1d, fekete k\\u00e1d, fekete f\\u00fcrd\\u0151k\\u00e1d&quot;,&quot;src&quot;:&quot;https:\\\/\\\/m-acryl.hu\\\/prestige\\\/wp-content\\\/uploads\\\/2024\\\/06\\\/avalon-oldalnezet-matt-fekete-scaled-700x398.webp&quot;,&quot;srcset&quot;:&quot;https:\\\/\\\/m-acryl.hu\\\/prestige\\\/wp-content\\\/uploads\\\/2024\\\/06\\\/avalon-oldalnezet-matt-fekete-200x114.webp 200w, https:\\\/\\\/m-acryl.hu\\\/prestige\\\/wp-content\\\/uploads\\\/2024\\\/06\\\/avalon-oldalnezet-matt-fekete-300x170.webp 300w, https:\\\/\\\/m-acryl.hu\\\/prestige\\\/wp-content\\\/uploads\\\/2024\\\/06\\\/avalon-oldalnezet-matt-fekete-400x227.webp 400w, https:\\\/\\\/m-acryl.hu\\\/prestige\\\/wp-content\\\/uploads\\\/2024\\\/06\\\/avalon-oldalnezet-matt-fekete-scaled-500x284.webp 500w, https:\\\/\\\/m-acryl.hu\\\/prestige\\\/wp-content\\\/uploads\\\/2024\\\/06\\\/avalon-oldalnezet-matt-fekete-600x341.webp 600w, https:\\\/\\\/m-acryl.hu\\\/prestige\\\/wp-content\\\/uploads\\\/2024\\\/06\\\/avalon-oldalnezet-matt-fekete-scaled-700x398.webp 700w, https:\\\/\\\/m-acryl.hu\\\/prestige\\\/wp-content\\\/uploads\\\/2024\\\/06\\\/avalon-oldalnezet-matt-fekete-768x436.webp 768w, https:\\\/\\\/m-acryl.hu\\\/prestige\\\/wp-content\\\/uploads\\\/2024\\\/06\\\/avalon-oldalnezet-matt-fekete-800x455.webp 800w, https:\\\/\\\/m-acryl.hu\\\/prestige\\\/wp-content\\\/uploads\\\/2024\\\/06\\\/avalon-oldalnezet-matt-fekete-1024x582.webp 1024w, https:\\\/\\\/m-acryl.hu\\\/prestige\\\/wp-content\\\/uploads\\\/2024\\\/06\\\/avalon-oldalnezet-matt-fekete-1200x682.webp 1200w, https:\\\/\\\/m-acryl.hu\\\/prestige\\\/wp-content\\\/uploads\\\/2024\\\/06\\\/avalon-oldalnezet-matt-fekete-1536x873.webp 1536w&quot;,&quot;sizes&quot;:&quot;(max-width: 700px) 100vw, 700px&quot;,&quot;full_src&quot;:&quot;https:\\\/\\\/m-acryl.hu\\\/prestige\\\/wp-content\\\/uploads\\\/2024\\\/06\\\/avalon-oldalnezet-matt-fekete-scaled.webp&quot;,&quot;full_src_w&quot;:2560,&quot;full_src_h&quot;:1455,&quot;gallery_thumbnail_src&quot;:&quot;https:\\\/\\\/m-acryl.hu\\\/prestige\\\/wp-content\\\/uploads\\\/2024\\\/06\\\/avalon-oldalnezet-matt-fekete-scaled-400x400.webp&quot;,&quot;gallery_thumbnail_src_w&quot;:400,&quot;gallery_thumbnail_src_h&quot;:400,&quot;thumb_src&quot;:&quot;https:\\\/\\\/m-acryl.hu\\\/prestige\\\/wp-content\\\/uploads\\\/2024\\\/06\\\/avalon-oldalnezet-matt-fekete-scaled-500x284.webp&quot;,&quot;thumb_src_w&quot;:500,&quot;thumb_src_h&quot;:284,&quot;src_w&quot;:700,&quot;src_h&quot;:398},&quot;image_id&quot;:4221,&quot;is_downloadable&quot;:false,&quot;is_in_stock&quot;:true,&quot;is_purchasable&quot;:true,&quot;is_sold_individually&quot;:&quot;yes&quot;,&quot;is_virtual&quot;:false,&quot;max_qty&quot;:1,&quot;min_qty&quot;:1,&quot;price_html&quot;:&quot;&lt;span class=\\&quot;price\\&quot;&gt;&lt;span class=\\&quot;woocommerce-Price-amount amount\\&quot;&gt;&lt;bdi&gt;795 000&amp;nbsp;&lt;span class=\\&quot;woocommerce-Price-currencySymbol\\&quot;&gt;&amp;#70;&amp;#116;&lt;\\\/span&gt;&lt;\\\/bdi&gt;&lt;\\\/span&gt;&lt;\\\/span&gt;&quot;,&quot;sku&quot;:&quot;&quot;,&quot;variation_description&quot;:&quot;&quot;,&quot;variation_id&quot;:4354,&quot;variation_is_active&quot;:true,&quot;variation_is_visible&quot;:true,&quot;weight&quot;:&quot;54&quot;,&quot;weight_html&quot;:&quot;54 kg&quot;},{&quot;attributes&quot;:{&quot;attribute_pa_meret&quot;:&quot;170x80&quot;,&quot;attribute_pa_szin&quot;:&quot;fenyes-feher&quot;,&quot;attribute_pa_netto-suly&quot;:&quot;65-kg&quot;,&quot;attribute_pa_urtartalom&quot;:&quot;190-l&quot;},&quot;availability_html&quot;:&quot;&quot;,&quot;backorders_allowed&quot;:false,&quot;dimensions&quot;:{&quot;length&quot;:&quot;170&quot;,&quot;width&quot;:&quot;80&quot;,&quot;height&quot;:&quot;60&quot;},&quot;dimensions_html&quot;:&quot;170 &amp;times; 80 &amp;times; 60 cm&quot;,&quot;display_price&quot;:679000,&quot;display_regular_price&quot;:679000,&quot;image&quot;:{&quot;title&quot;:&quot;avalon-oldalnezet-feher&quot;,&quot;caption&quot;:&quot;&quot;,&quot;url&quot;:&quot;https:\\\/\\\/m-acryl.hu\\\/prestige\\\/wp-content\\\/uploads\\\/2024\\\/06\\\/avalon-oldalnezet-feher-scaled.webp&quot;,&quot;alt&quot;:&quot;M-Acryl Prestige k\\u00e1d, Avalon falra tolhat\\u00f3 szabadon \\u00e1ll\\u00f3 k\\u00e1d, akril k\\u00e1d&quot;,&quot;src&quot;:&quot;https:\\\/\\\/m-acryl.hu\\\/prestige\\\/wp-content\\\/uploads\\\/2024\\\/06\\\/avalon-oldalnezet-feher-scaled-700x399.webp&quot;,&quot;srcset&quot;:&quot;https:\\\/\\\/m-acryl.hu\\\/prestige\\\/wp-content\\\/uploads\\\/2024\\\/06\\\/avalon-oldalnezet-feher-200x114.webp 200w, https:\\\/\\\/m-acryl.hu\\\/prestige\\\/wp-content\\\/uploads\\\/2024\\\/06\\\/avalon-oldalnezet-feher-300x171.webp 300w, https:\\\/\\\/m-acryl.hu\\\/prestige\\\/wp-content\\\/uploads\\\/2024\\\/06\\\/avalon-oldalnezet-feher-400x228.webp 400w, https:\\\/\\\/m-acryl.hu\\\/prestige\\\/wp-content\\\/uploads\\\/2024\\\/06\\\/avalon-oldalnezet-feher-scaled-500x285.webp 500w, https:\\\/\\\/m-acryl.hu\\\/prestige\\\/wp-content\\\/uploads\\\/2024\\\/06\\\/avalon-oldalnezet-feher-600x342.webp 600w, https:\\\/\\\/m-acryl.hu\\\/prestige\\\/wp-content\\\/uploads\\\/2024\\\/06\\\/avalon-oldalnezet-feher-scaled-700x399.webp 700w, https:\\\/\\\/m-acryl.hu\\\/prestige\\\/wp-content\\\/uploads\\\/2024\\\/06\\\/avalon-oldalnezet-feher-768x437.webp 768w, https:\\\/\\\/m-acryl.hu\\\/prestige\\\/wp-content\\\/uploads\\\/2024\\\/06\\\/avalon-oldalnezet-feher-800x456.webp 800w, https:\\\/\\\/m-acryl.hu\\\/prestige\\\/wp-content\\\/uploads\\\/2024\\\/06\\\/avalon-oldalnezet-feher-1024x583.webp 1024w, https:\\\/\\\/m-acryl.hu\\\/prestige\\\/wp-content\\\/uploads\\\/2024\\\/06\\\/avalon-oldalnezet-feher-1200x683.webp 1200w, https:\\\/\\\/m-acryl.hu\\\/prestige\\\/wp-content\\\/uploads\\\/2024\\\/06\\\/avalon-oldalnezet-feher-1536x875.webp 1536w&quot;,&quot;sizes&quot;:&quot;(max-width: 700px) 100vw, 700px&quot;,&quot;full_src&quot;:&quot;https:\\\/\\\/m-acryl.hu\\\/prestige\\\/wp-content\\\/uploads\\\/2024\\\/06\\\/avalon-oldalnezet-feher-scaled.webp&quot;,&quot;full_src_w&quot;:2560,&quot;full_src_h&quot;:1458,&quot;gallery_thumbnail_src&quot;:&quot;https:\\\/\\\/m-acryl.hu\\\/prestige\\\/wp-content\\\/uploads\\\/2024\\\/06\\\/avalon-oldalnezet-feher-scaled-400x400.webp&quot;,&quot;gallery_thumbnail_src_w&quot;:400,&quot;gallery_thumbnail_src_h&quot;:400,&quot;thumb_src&quot;:&quot;https:\\\/\\\/m-acryl.hu\\\/prestige\\\/wp-content\\\/uploads\\\/2024\\\/06\\\/avalon-oldalnezet-feher-scaled-500x285.webp&quot;,&quot;thumb_src_w&quot;:500,&quot;thumb_src_h&quot;:285,&quot;src_w&quot;:700,&quot;src_h&quot;:399},&quot;image_id&quot;:4219,&quot;is_downloadable&quot;:false,&quot;is_in_stock&quot;:true,&quot;is_purchasable&quot;:true,&quot;is_sold_individually&quot;:&quot;yes&quot;,&quot;is_virtual&quot;:false,&quot;max_qty&quot;:1,&quot;min_qty&quot;:1,&quot;price_html&quot;:&quot;&lt;span class=\\&quot;price\\&quot;&gt;&lt;span class=\\&quot;woocommerce-Price-amount amount\\&quot;&gt;&lt;bdi&gt;679 000&amp;nbsp;&lt;span class=\\&quot;woocommerce-Price-currencySymbol\\&quot;&gt;&amp;#70;&amp;#116;&lt;\\\/span&gt;&lt;\\\/bdi&gt;&lt;\\\/span&gt;&lt;\\\/span&gt;&quot;,&quot;sku&quot;:&quot;&quot;,&quot;variation_description&quot;:&quot;&quot;,&quot;variation_id&quot;:4371,&quot;variation_is_active&quot;:true,&quot;variation_is_visible&quot;:true,&quot;weight&quot;:&quot;65&quot;,&quot;weight_html&quot;:&quot;65 kg&quot;},{&quot;attributes&quot;:{&quot;attribute_pa_meret&quot;:&quot;170x80&quot;,&quot;attribute_pa_szin&quot;:&quot;fenyes-fekete&quot;,&quot;attribute_pa_netto-suly&quot;:&quot;65-kg&quot;,&quot;attribute_pa_urtartalom&quot;:&quot;190-l&quot;},&quot;availability_html&quot;:&quot;&quot;,&quot;backorders_allowed&quot;:false,&quot;dimensions&quot;:{&quot;length&quot;:&quot;160&quot;,&quot;width&quot;:&quot;80&quot;,&quot;height&quot;:&quot;60&quot;},&quot;dimensions_html&quot;:&quot;160 &amp;times; 80 &amp;times; 60 cm&quot;,&quot;display_price&quot;:735000,&quot;display_regular_price&quot;:735000,&quot;image&quot;:{&quot;title&quot;:&quot;avalon-oldalnezet-fenyes-fekete&quot;,&quot;caption&quot;:&quot;&quot;,&quot;url&quot;:&quot;https:\\\/\\\/m-acryl.hu\\\/prestige\\\/wp-content\\\/uploads\\\/2024\\\/06\\\/avalon-oldalnezet-fenyes-fekete-scaled.webp&quot;,&quot;alt&quot;:&quot;M-Acryl Prestige k\\u00e1d, Avalon falra tolhat\\u00f3 szabadon \\u00e1ll\\u00f3 k\\u00e1d&quot;,&quot;src&quot;:&quot;https:\\\/\\\/m-acryl.hu\\\/prestige\\\/wp-content\\\/uploads\\\/2024\\\/06\\\/avalon-oldalnezet-fenyes-fekete-scaled-700x398.webp&quot;,&quot;srcset&quot;:&quot;https:\\\/\\\/m-acryl.hu\\\/prestige\\\/wp-content\\\/uploads\\\/2024\\\/06\\\/avalon-oldalnezet-fenyes-fekete-200x114.webp 200w, https:\\\/\\\/m-acryl.hu\\\/prestige\\\/wp-content\\\/uploads\\\/2024\\\/06\\\/avalon-oldalnezet-fenyes-fekete-300x170.webp 300w, https:\\\/\\\/m-acryl.hu\\\/prestige\\\/wp-content\\\/uploads\\\/2024\\\/06\\\/avalon-oldalnezet-fenyes-fekete-400x227.webp 400w, https:\\\/\\\/m-acryl.hu\\\/prestige\\\/wp-content\\\/uploads\\\/2024\\\/06\\\/avalon-oldalnezet-fenyes-fekete-scaled-500x284.webp 500w, https:\\\/\\\/m-acryl.hu\\\/prestige\\\/wp-content\\\/uploads\\\/2024\\\/06\\\/avalon-oldalnezet-fenyes-fekete-600x341.webp 600w, https:\\\/\\\/m-acryl.hu\\\/prestige\\\/wp-content\\\/uploads\\\/2024\\\/06\\\/avalon-oldalnezet-fenyes-fekete-scaled-700x398.webp 700w, https:\\\/\\\/m-acryl.hu\\\/prestige\\\/wp-content\\\/uploads\\\/2024\\\/06\\\/avalon-oldalnezet-fenyes-fekete-768x436.webp 768w, https:\\\/\\\/m-acryl.hu\\\/prestige\\\/wp-content\\\/uploads\\\/2024\\\/06\\\/avalon-oldalnezet-fenyes-fekete-800x455.webp 800w, https:\\\/\\\/m-acryl.hu\\\/prestige\\\/wp-content\\\/uploads\\\/2024\\\/06\\\/avalon-oldalnezet-fenyes-fekete-1024x582.webp 1024w, https:\\\/\\\/m-acryl.hu\\\/prestige\\\/wp-content\\\/uploads\\\/2024\\\/06\\\/avalon-oldalnezet-fenyes-fekete-1200x682.webp 1200w, https:\\\/\\\/m-acryl.hu\\\/prestige\\\/wp-content\\\/uploads\\\/2024\\\/06\\\/avalon-oldalnezet-fenyes-fekete-1536x873.webp 1536w&quot;,&quot;sizes&quot;:&quot;(max-width: 700px) 100vw, 700px&quot;,&quot;full_src&quot;:&quot;https:\\\/\\\/m-acryl.hu\\\/prestige\\\/wp-content\\\/uploads\\\/2024\\\/06\\\/avalon-oldalnezet-fenyes-fekete-scaled.webp&quot;,&quot;full_src_w&quot;:2560,&quot;full_src_h&quot;:1455,&quot;gallery_thumbnail_src&quot;:&quot;https:\\\/\\\/m-acryl.hu\\\/prestige\\\/wp-content\\\/uploads\\\/2024\\\/06\\\/avalon-oldalnezet-fenyes-fekete-scaled-400x400.webp&quot;,&quot;gallery_thumbnail_src_w&quot;:400,&quot;gallery_thumbnail_src_h&quot;:400,&quot;thumb_src&quot;:&quot;https:\\\/\\\/m-acryl.hu\\\/prestige\\\/wp-content\\\/uploads\\\/2024\\\/06\\\/avalon-oldalnezet-fenyes-fekete-scaled-500x284.webp&quot;,&quot;thumb_src_w&quot;:500,&quot;thumb_src_h&quot;:284,&quot;src_w&quot;:700,&quot;src_h&quot;:398},&quot;image_id&quot;:4220,&quot;is_downloadable&quot;:false,&quot;is_in_stock&quot;:true,&quot;is_purchasable&quot;:true,&quot;is_sold_individually&quot;:&quot;yes&quot;,&quot;is_virtual&quot;:false,&quot;max_qty&quot;:1,&quot;min_qty&quot;:1,&quot;price_html&quot;:&quot;&lt;span class=\\&quot;price\\&quot;&gt;&lt;span class=\\&quot;woocommerce-Price-amount amount\\&quot;&gt;&lt;bdi&gt;735 000&amp;nbsp;&lt;span class=\\&quot;woocommerce-Price-currencySymbol\\&quot;&gt;&amp;#70;&amp;#116;&lt;\\\/span&gt;&lt;\\\/bdi&gt;&lt;\\\/span&gt;&lt;\\\/span&gt;&quot;,&quot;sku&quot;:&quot;&quot;,&quot;variation_description&quot;:&quot;&quot;,&quot;variation_id&quot;:4369,&quot;variation_is_active&quot;:true,&quot;variation_is_visible&quot;:true,&quot;weight&quot;:&quot;65&quot;,&quot;weight_html&quot;:&quot;65 kg&quot;},{&quot;attributes&quot;:{&quot;attribute_pa_meret&quot;:&quot;170x80&quot;,&quot;attribute_pa_szin&quot;:&quot;matt-fekete&quot;,&quot;attribute_pa_netto-suly&quot;:&quot;65-kg&quot;,&quot;attribute_pa_urtartalom&quot;:&quot;190-l&quot;},&quot;availability_html&quot;:&quot;&quot;,&quot;backorders_allowed&quot;:false,&quot;dimensions&quot;:{&quot;length&quot;:&quot;160&quot;,&quot;width&quot;:&quot;80&quot;,&quot;height&quot;:&quot;60&quot;},&quot;dimensions_html&quot;:&quot;160 &amp;times; 80 &amp;times; 60 cm&quot;,&quot;display_price&quot;:805000,&quot;display_regular_price&quot;:805000,&quot;image&quot;:{&quot;title&quot;:&quot;avalon-oldalnezet-matt-fekete&quot;,&quot;caption&quot;:&quot;&quot;,&quot;url&quot;:&quot;https:\\\/\\\/m-acryl.hu\\\/prestige\\\/wp-content\\\/uploads\\\/2024\\\/06\\\/avalon-oldalnezet-matt-fekete-scaled.webp&quot;,&quot;alt&quot;:&quot;M-Acryl Prestige k\\u00e1d, Avalon f\\u00e9lszabadon \\u00e1ll\\u00f3 k\\u00e1d, fekete k\\u00e1d, fekete f\\u00fcrd\\u0151k\\u00e1d&quot;,&quot;src&quot;:&quot;https:\\\/\\\/m-acryl.hu\\\/prestige\\\/wp-content\\\/uploads\\\/2024\\\/06\\\/avalon-oldalnezet-matt-fekete-scaled-700x398.webp&quot;,&quot;srcset&quot;:&quot;https:\\\/\\\/m-acryl.hu\\\/prestige\\\/wp-content\\\/uploads\\\/2024\\\/06\\\/avalon-oldalnezet-matt-fekete-200x114.webp 200w, https:\\\/\\\/m-acryl.hu\\\/prestige\\\/wp-content\\\/uploads\\\/2024\\\/06\\\/avalon-oldalnezet-matt-fekete-300x170.webp 300w, https:\\\/\\\/m-acryl.hu\\\/prestige\\\/wp-content\\\/uploads\\\/2024\\\/06\\\/avalon-oldalnezet-matt-fekete-400x227.webp 400w, https:\\\/\\\/m-acryl.hu\\\/prestige\\\/wp-content\\\/uploads\\\/2024\\\/06\\\/avalon-oldalnezet-matt-fekete-scaled-500x284.webp 500w, https:\\\/\\\/m-acryl.hu\\\/prestige\\\/wp-content\\\/uploads\\\/2024\\\/06\\\/avalon-oldalnezet-matt-fekete-600x341.webp 600w, https:\\\/\\\/m-acryl.hu\\\/prestige\\\/wp-content\\\/uploads\\\/2024\\\/06\\\/avalon-oldalnezet-matt-fekete-scaled-700x398.webp 700w, https:\\\/\\\/m-acryl.hu\\\/prestige\\\/wp-content\\\/uploads\\\/2024\\\/06\\\/avalon-oldalnezet-matt-fekete-768x436.webp 768w, https:\\\/\\\/m-acryl.hu\\\/prestige\\\/wp-content\\\/uploads\\\/2024\\\/06\\\/avalon-oldalnezet-matt-fekete-800x455.webp 800w, https:\\\/\\\/m-acryl.hu\\\/prestige\\\/wp-content\\\/uploads\\\/2024\\\/06\\\/avalon-oldalnezet-matt-fekete-1024x582.webp 1024w, https:\\\/\\\/m-acryl.hu\\\/prestige\\\/wp-content\\\/uploads\\\/2024\\\/06\\\/avalon-oldalnezet-matt-fekete-1200x682.webp 1200w, https:\\\/\\\/m-acryl.hu\\\/prestige\\\/wp-content\\\/uploads\\\/2024\\\/06\\\/avalon-oldalnezet-matt-fekete-1536x873.webp 1536w&quot;,&quot;sizes&quot;:&quot;(max-width: 700px) 100vw, 700px&quot;,&quot;full_src&quot;:&quot;https:\\\/\\\/m-acryl.hu\\\/prestige\\\/wp-content\\\/uploads\\\/2024\\\/06\\\/avalon-oldalnezet-matt-fekete-scaled.webp&quot;,&quot;full_src_w&quot;:2560,&quot;full_src_h&quot;:1455,&quot;gallery_thumbnail_src&quot;:&quot;https:\\\/\\\/m-acryl.hu\\\/prestige\\\/wp-content\\\/uploads\\\/2024\\\/06\\\/avalon-oldalnezet-matt-fekete-scaled-400x400.webp&quot;,&quot;gallery_thumbnail_src_w&quot;:400,&quot;gallery_thumbnail_src_h&quot;:400,&quot;thumb_src&quot;:&quot;https:\\\/\\\/m-acryl.hu\\\/prestige\\\/wp-content\\\/uploads\\\/2024\\\/06\\\/avalon-oldalnezet-matt-fekete-scaled-500x284.webp&quot;,&quot;thumb_src_w&quot;:500,&quot;thumb_src_h&quot;:284,&quot;src_w&quot;:700,&quot;src_h&quot;:398},&quot;image_id&quot;:4221,&quot;is_downloadable&quot;:false,&quot;is_in_stock&quot;:true,&quot;is_purchasable&quot;:true,&quot;is_sold_individually&quot;:&quot;yes&quot;,&quot;is_virtual&quot;:false,&quot;max_qty&quot;:1,&quot;min_qty&quot;:1,&quot;price_html&quot;:&quot;&lt;span class=\\&quot;price\\&quot;&gt;&lt;span class=\\&quot;woocommerce-Price-amount amount\\&quot;&gt;&lt;bdi&gt;805 000&amp;nbsp;&lt;span class=\\&quot;woocommerce-Price-currencySymbol\\&quot;&gt;&amp;#70;&amp;#116;&lt;\\\/span&gt;&lt;\\\/bdi&gt;&lt;\\\/span&gt;&lt;\\\/span&gt;&quot;,&quot;sku&quot;:&quot;&quot;,&quot;variation_description&quot;:&quot;&quot;,&quot;variation_id&quot;:4370,&quot;variation_is_active&quot;:true,&quot;variation_is_visible&quot;:true,&quot;weight&quot;:&quot;65&quot;,&quot;weight_html&quot;:&quot;65 kg&quot;}]\">\n\t\n\t\t\t<table class=\"variations\" cellspacing=\"0\" role=\"presentation\">\n\t\t\t<tbody>\n\t\t\t\t\t\t\t\t\t<tr>\n\t\t\t\t\t\t<th class=\"label\"><label for=\"pa_meret\">M\u00e9ret<\/label><\/th>\n\t\t\t\t\t\t<td class=\"value\">\n\t\t\t\t\t\t\t<div class=\"avada-select-wrapper\" data-type=\"button\"><select id=\"pa_meret\" class=\"\" name=\"attribute_pa_meret\" data-attribute_name=\"attribute_pa_meret\" data-show_option_none=\"yes\"><option value=\"\">V\u00e1lassz egy lehet\u0151s\u00e9get<\/option><option value=\"160x80\"  selected='selected'>160\u00d780<\/option><option value=\"170x80\" >170\u00d780<\/option><\/select><a href=\"#\" class=\"avada-button-select\" tabindex=\"0\" data-value=\"160x80\" data-checked=\"true\" >160\u00d780<\/a><a href=\"#\" class=\"avada-button-select\" tabindex=\"0\" data-value=\"170x80\">170\u00d780<\/a><\/div>\t\t\t\t\t\t<\/td>\n\t\t\t\t\t<\/tr>\n\t\t\t\t\t\t\t\t\t<tr>\n\t\t\t\t\t\t<th class=\"label\"><label for=\"pa_szin\">Sz\u00edn<\/label><\/th>\n\t\t\t\t\t\t<td class=\"value\">\n\t\t\t\t\t\t\t<div class=\"avada-select-wrapper\" data-type=\"color\"><select id=\"pa_szin\" class=\"\" name=\"attribute_pa_szin\" data-attribute_name=\"attribute_pa_szin\" data-show_option_none=\"yes\"><option value=\"\">V\u00e1lassz egy lehet\u0151s\u00e9get<\/option><option value=\"fenyes-feher\"  selected='selected'>F\u00e9nyes feh\u00e9r<\/option><option value=\"fenyes-fekete\" >F\u00e9nyes fekete<\/option><option value=\"matt-fekete\" >Matt fekete<\/option><\/select><a href=\"#\" class=\"avada-color-select\" role=\"button\" tabindex=\"0\" aria-label=\"F\u00e9nyes feh\u00e9r\" title=\"F\u00e9nyes feh\u00e9r\" data-value=\"fenyes-feher\" data-checked=\"true\" ><span style=\"background-color: #f4f4f4\"><\/span><\/a><a href=\"#\" class=\"avada-color-select\" role=\"button\" tabindex=\"0\" aria-label=\"F\u00e9nyes fekete\" title=\"F\u00e9nyes fekete\" data-value=\"fenyes-fekete\"><span style=\"background-color: var(--awb-color8)\"><\/span><\/a><a href=\"#\" class=\"avada-color-select\" role=\"button\" tabindex=\"0\" aria-label=\"Matt fekete\" title=\"Matt fekete\" data-value=\"matt-fekete\"><span style=\"background-color: #3d3d3d\"><\/span><\/a><\/div>\t\t\t\t\t\t<\/td>\n\t\t\t\t\t<\/tr>\n\t\t\t\t\t\t\t\t\t<tr>\n\t\t\t\t\t\t<th class=\"label\"><label for=\"pa_netto-suly\">Nett\u00f3 s\u00faly<\/label><\/th>\n\t\t\t\t\t\t<td class=\"value\">\n\t\t\t\t\t\t\t<div class=\"avada-select-wrapper\" data-type=\"button\"><select id=\"pa_netto-suly\" class=\"\" name=\"attribute_pa_netto-suly\" data-attribute_name=\"attribute_pa_netto-suly\" data-show_option_none=\"yes\"><option value=\"\">V\u00e1lassz egy lehet\u0151s\u00e9get<\/option><option value=\"65-kg\"  selected='selected'>65 kg<\/option><\/select><a href=\"#\" class=\"avada-button-select\" tabindex=\"0\" data-value=\"65-kg\" data-checked=\"true\" >65 kg<\/a><\/div>\t\t\t\t\t\t<\/td>\n\t\t\t\t\t<\/tr>\n\t\t\t\t\t\t\t\t\t<tr>\n\t\t\t\t\t\t<th class=\"label\"><label for=\"pa_urtartalom\">\u0170rtartalom<\/label><\/th>\n\t\t\t\t\t\t<td class=\"value\">\n\t\t\t\t\t\t\t<div class=\"avada-select-wrapper\" data-type=\"button\"><select id=\"pa_urtartalom\" class=\"\" name=\"attribute_pa_urtartalom\" data-attribute_name=\"attribute_pa_urtartalom\" data-show_option_none=\"yes\"><option value=\"\">V\u00e1lassz egy lehet\u0151s\u00e9get<\/option><option value=\"190-l\"  selected='selected'>190 L<\/option><\/select><a href=\"#\" class=\"avada-button-select\" tabindex=\"0\" data-value=\"190-l\" data-checked=\"true\" >190 L<\/a><\/div><a class=\"reset_variations\" href=\"#\"><i aria-hidden=\"true\" class=\"fa-trash-alt far\"><\/i><\/a>\t\t\t\t\t\t<\/td>\n\t\t\t\t\t<\/tr>\n\t\t\t\t\t\t\t<\/tbody>\n\t\t<\/table>\n\t\t<div class=\"reset_variations_alert screen-reader-text\" role=\"alert\" aria-live=\"polite\" aria-relevant=\"all\"><\/div>\n\t\t\n\t\t<div class=\"single_variation_wrap\">\n\t\t\t<div class=\"woocommerce-variation single_variation\" role=\"alert\" aria-relevant=\"additions\"><\/div>\t\t\t\t\t\t\t\t\t\t\t\t\t\n\t\t\t\t\n\t\t\t\t\t\t<\/div>\n\t\n\t<\/form>\n\n<\/div><div class=\"fusion-separator fusion-full-width-sep\" style=\"align-self: center;margin-left: auto;margin-right: auto;flex-grow:1;margin-bottom:2vw;width:100%;\"><\/div><div ><a class=\"fusion-button button-flat fusion-button-default-size button-custom fusion-button-default button-1 fusion-button-span-yes fusion-button-default-type\" style=\"--button_accent_color:var(--awb-color4);--button_accent_hover_color:var(--awb-color1);--button_border_hover_color:var(--awb-color1);--button_border_width-top:2px;--button_border_width-right:2px;--button_border_width-bottom:2px;--button_border_width-left:2px;--button_gradient_top_color:rgba(247,188,179,0);--button_gradient_bottom_color:rgba(247,188,179,0);--button_gradient_top_color_hover:rgba(247,188,179,0);--button_gradient_bottom_color_hover:rgba(247,188,179,0);\" target=\"_blank\" rel=\"noopener noreferrer\" href=\"https:\/\/m-acryl.hu\/prestige\/termek\/avalon-kulonleges-akril-kad\/\"><span class=\"fusion-button-text awb-button__text awb-button__text--default\">Megn\u00e9zem<\/span><\/a><\/div><\/div><\/li>\n<li class=\"fusion-layout-column fusion_builder_column fusion-builder-column-2 fusion-flex-column post-card fusion-grid-column fusion-post-cards-grid-column product-grid-view product type-product\" style=\"--awb-padding-top:10px;--awb-padding-right:10px;--awb-padding-bottom:10px;--awb-padding-left:10px;--awb-padding-top-medium:10px;--awb-padding-right-medium:10px;--awb-padding-bottom-medium:10px;--awb-padding-left-medium:10px;--awb-padding-top-small:10px;--awb-padding-right-small:10px;--awb-padding-bottom-small:10px;--awb-padding-left-small:10px;--awb-bg-color:rgba(36,48,90,0);--awb-bg-color-hover:rgba(36,48,90,0);--awb-bg-blend:overlay;--awb-bg-size:cover;--awb-border-color:var(--awb-color4);--awb-border-top:1px;--awb-border-right:1px;--awb-border-bottom:1px;--awb-border-left:1px;--awb-border-style:solid;--awb-flex-grow:0;--awb-flex-shrink:0;--awb-flex-grow-medium:0;--awb-flex-shrink-medium:0;--awb-flex-grow-small:0;--awb-flex-shrink-small:0;\" data-scroll-devices=\"small-visibility,medium-visibility,large-visibility\"><div class=\"fusion-column-wrapper fusion-column-has-shadow fusion-flex-justify-content-flex-start fusion-content-layout-column\"><div class=\"fusion-image-element \" style=\"text-align:center;--awb-aspect-ratio:1 \/ 1;--awb-margin-right:0px;--awb-margin-left:0px;--awb-margin-right-medium:0px;--awb-margin-left-medium:0px;--awb-margin-right-small:0px;--awb-margin-left-small:0px;--awb-caption-title-font-family:var(--h2_typography-font-family);--awb-caption-title-font-weight:var(--h2_typography-font-weight);--awb-caption-title-font-style:var(--h2_typography-font-style);--awb-caption-title-size:var(--h2_typography-font-size);--awb-caption-title-transform:var(--h2_typography-text-transform);--awb-caption-title-line-height:var(--h2_typography-line-height);--awb-caption-title-letter-spacing:var(--h2_typography-letter-spacing);\"><span class=\" fusion-imageframe imageframe-none imageframe-2 hover-type-none has-aspect-ratio\"><a class=\"fusion-no-lightbox\" href=\"https:\/\/m-acryl.hu\/prestige\/termek\/romantika-szabadon-allo-akril-kad\/\" target=\"_self\" aria-label=\"m-acryl-prestige-romantika-acryl-szabadon-allo-kad-feher-06\"><img decoding=\"async\" width=\"1920\" height=\"1200\" alt=\"M-Acryl Prestige k\u00e1d, Romantika szabadon \u00e1ll\u00f3 k\u00e1d, design k\u00e1d, design f\u00fcrd\u0151k\u00e1d, design f\u00fcrd\u0151szoba\" src=\"https:\/\/m-acryl.hu\/prestige\/wp-content\/uploads\/2024\/05\/m-acryl-prestige-romantika-acryl-szabadon-allo-kad-feher-06.webp\" data-orig-src=\"https:\/\/m-acryl.hu\/prestige\/wp-content\/uploads\/2024\/05\/m-acryl-prestige-romantika-acryl-szabadon-allo-kad-feher-06.webp\" class=\"lazyload img-responsive wp-image-3858 img-with-aspect-ratio\" data-parent-fit=\"cover\" data-parent-container=\".fusion-image-element\" srcset=\"data:image\/svg+xml,%3Csvg%20xmlns%3D%27http%3A%2F%2Fwww.w3.org%2F2000%2Fsvg%27%20width%3D%271920%27%20height%3D%271200%27%20viewBox%3D%270%200%201920%201200%27%3E%3Crect%20width%3D%271920%27%20height%3D%271200%27%20fill-opacity%3D%220%22%2F%3E%3C%2Fsvg%3E\" data-srcset=\"https:\/\/m-acryl.hu\/prestige\/wp-content\/uploads\/2024\/05\/m-acryl-prestige-romantika-acryl-szabadon-allo-kad-feher-06-200x125.webp 200w, https:\/\/m-acryl.hu\/prestige\/wp-content\/uploads\/2024\/05\/m-acryl-prestige-romantika-acryl-szabadon-allo-kad-feher-06-400x250.webp 400w, https:\/\/m-acryl.hu\/prestige\/wp-content\/uploads\/2024\/05\/m-acryl-prestige-romantika-acryl-szabadon-allo-kad-feher-06-600x375.webp 600w, https:\/\/m-acryl.hu\/prestige\/wp-content\/uploads\/2024\/05\/m-acryl-prestige-romantika-acryl-szabadon-allo-kad-feher-06-800x500.webp 800w, https:\/\/m-acryl.hu\/prestige\/wp-content\/uploads\/2024\/05\/m-acryl-prestige-romantika-acryl-szabadon-allo-kad-feher-06-1200x750.webp 1200w, https:\/\/m-acryl.hu\/prestige\/wp-content\/uploads\/2024\/05\/m-acryl-prestige-romantika-acryl-szabadon-allo-kad-feher-06.webp 1920w\" data-sizes=\"auto\" data-orig-sizes=\"(max-width: 740px) 100vw, 1920px\" \/><\/a><\/span><\/div><div style=\"margin: 10px 0 0;\"><\/div><div class=\"fusion-title title fusion-title-3 fusion-no-medium-visibility fusion-no-large-visibility fusion-sep-none fusion-title-text fusion-title-size-three\" style=\"--awb-text-color:var(--awb-color1);--awb-margin-top:0px;--awb-margin-bottom:20px;--awb-margin-top-small:10px;--awb-margin-right-small:0px;--awb-margin-bottom-small:20px;--awb-margin-left-small:0px;--awb-margin-top-medium:0px;--awb-margin-right-medium:0px;--awb-margin-bottom-medium:20px;--awb-margin-left-medium:0px;--awb-link-color:var(--awb-color1);--awb-link-hover-color:var(--awb-color4);--awb-font-size:30px;\"><h3 class=\"fusion-title-heading title-heading-left fusion-responsive-typography-calculated\" style=\"font-family:&quot;Poppins&quot;;font-style:normal;font-weight:700;margin:0;text-transform:var(--awb-typography1-text-transform);font-size:1em;--fontSize:30;line-height:1.2;\"><a href=\"https:\/\/m-acryl.hu\/prestige\/termek\/romantika-szabadon-allo-akril-kad\/\" class=\"awb-custom-text-color awb-custom-text-hover-color\" target=\"_self\">Romantika szabadon \u00e1ll\u00f3 akril k\u00e1d<\/a><\/h3><\/div><div style=\"margin: 10px 0 0;\"><\/div><div class=\"fusion-title title fusion-title-4 fusion-no-small-visibility fusion-sep-none fusion-title-text fusion-title-size-three\" style=\"--awb-text-color:var(--awb-color1);--awb-margin-top:1vw;--awb-margin-bottom:1vw;--awb-margin-top-small:12px;--awb-margin-right-small:0px;--awb-margin-bottom-small:20px;--awb-margin-left-small:0px;--awb-link-color:var(--awb-color1);--awb-link-hover-color:var(--awb-color4);--awb-sep-color:var(--awb-color1);--awb-font-size:25px;\"><h3 class=\"fusion-title-heading title-heading-left fusion-responsive-typography-calculated\" style=\"font-family:&quot;Poppins&quot;;font-style:normal;font-weight:700;margin:0;text-transform:var(--awb-typography1-text-transform);font-size:1em;--fontSize:25;line-height:1.2;\"><a href=\"https:\/\/m-acryl.hu\/prestige\/termek\/romantika-szabadon-allo-akril-kad\/\" class=\"awb-custom-text-color awb-custom-text-hover-color\" target=\"_self\">Romantika szabadon \u00e1ll\u00f3 akril k\u00e1d<\/a><\/h3><\/div><div class=\"fusion-separator fusion-full-width-sep\" style=\"align-self: center;margin-left: auto;margin-right: auto;flex-grow:1;width:100%;\"><\/div><div class=\"fusion-woo-cart fusion-post-card-cart awb-variation-layout-floated awb-variation-clear-absolute awb-label-yes awb-add-to-cart-style-button awb-product-style-link\" style=\"--awb-quantity-margin-top:0px;--awb-quantity-margin-right:0px;--awb-quantity-margin-bottom:10px;--awb-quantity-margin-left:0px;--awb-button-border-top:1px;--awb-button-border-right:1px;--awb-button-border-bottom:1px;--awb-button-border-left:1px;--awb-button-color:var(--awb-color4);--awb-button-border-color-hover:var(--awb-color5);--awb-button-gradient-top:rgba(36,48,90,0);--awb-button-gradient-bottom:rgba(36,48,90,0);--awb-button-gradient-top-hover:var(--awb-color5);--awb-button-gradient-bottom-hover:var(--awb-color5);--awb-label-font-size:12px;--awb-select-font-size:30px;--awb-select-color:var(--awb-color1);--awb-select-background:var(--awb-color1);--awb-select-border-color:var(--awb-color4);--awb-select-border-sizes-top:5px;--awb-select-border-sizes-right:5px;--awb-select-border-sizes-bottom:5px;--awb-select-border-sizes-left:5px;--awb-swatch-background-color:rgba(255,255,255,0);--awb-swatch-border-color:var(--awb-color4);--awb-swatch-background-color-active:var(--awb-color5);--awb-swatch-border-color-active:var(--awb-color4);--awb-color-swatch-height:35px;--awb-color-swatch-border-radius-top-left:100px;--awb-color-swatch-border-radius-top-right:100px;--awb-color-swatch-border-radius-bottom-right:100px;--awb-color-swatch-border-radius-bottom-left:100px;--awb-button-swatch-border-radius-top-left:0px;--awb-button-swatch-border-radius-top-right:0px;--awb-button-swatch-border-radius-bottom-right:0px;--awb-button-swatch-border-radius-bottom-left:0px;--awb-button-swatch-font-size:14px;--awb-button-swatch-color:var(--awb-color1);--awb-button-swatch-color-active:var(--awb-color1);--awb-justify-content:flex-start;--awb-align-items:center;--awb-arrow-border-left:5px solid var(--awb-color4);--awb-swatch-border-color-hover:hsla(var(--awb-color4-h),var(--awb-color4-s),var(--awb-color4-l),calc(var(--awb-color4-a) - 50%));--awb-color-swatch-width:35px;\">\n<form class=\"variations_form cart\" action=\"https:\/\/m-acryl.hu\/prestige\/termek\/romantika-szabadon-allo-akril-kad\/\" method=\"post\" enctype='multipart\/form-data' data-product_id=\"4356\" data-product_variations=\"[{&quot;attributes&quot;:{&quot;attribute_pa_meret&quot;:&quot;170x75&quot;,&quot;attribute_pa_szin&quot;:&quot;fenyes-feher&quot;,&quot;attribute_pa_netto-suly&quot;:&quot;52-kg&quot;,&quot;attribute_pa_urtartalom&quot;:&quot;220-l&quot;},&quot;availability_html&quot;:&quot;&quot;,&quot;backorders_allowed&quot;:false,&quot;dimensions&quot;:{&quot;length&quot;:&quot;170&quot;,&quot;width&quot;:&quot;75&quot;,&quot;height&quot;:&quot;57.5&quot;},&quot;dimensions_html&quot;:&quot;170 &amp;times; 75 &amp;times; 57.5 cm&quot;,&quot;display_price&quot;:535000,&quot;display_regular_price&quot;:535000,&quot;image&quot;:{&quot;title&quot;:&quot;romantika-oldalnezet-feher&quot;,&quot;caption&quot;:&quot;&quot;,&quot;url&quot;:&quot;https:\\\/\\\/m-acryl.hu\\\/prestige\\\/wp-content\\\/uploads\\\/2024\\\/06\\\/romantika-oldalnezet-feher-scaled.webp&quot;,&quot;alt&quot;:&quot;M-Acryl Prestige k\\u00e1d, Romantika szabadon \\u00e1ll\\u00f3 k\\u00e1d, t\\u00e9rben \\u00e1ll\\u00f3 k\\u00e1d, akril k\\u00e1d&quot;,&quot;src&quot;:&quot;https:\\\/\\\/m-acryl.hu\\\/prestige\\\/wp-content\\\/uploads\\\/2024\\\/06\\\/romantika-oldalnezet-feher-scaled-700x403.webp&quot;,&quot;srcset&quot;:&quot;https:\\\/\\\/m-acryl.hu\\\/prestige\\\/wp-content\\\/uploads\\\/2024\\\/06\\\/romantika-oldalnezet-feher-200x115.webp 200w, https:\\\/\\\/m-acryl.hu\\\/prestige\\\/wp-content\\\/uploads\\\/2024\\\/06\\\/romantika-oldalnezet-feher-300x173.webp 300w, https:\\\/\\\/m-acryl.hu\\\/prestige\\\/wp-content\\\/uploads\\\/2024\\\/06\\\/romantika-oldalnezet-feher-400x230.webp 400w, https:\\\/\\\/m-acryl.hu\\\/prestige\\\/wp-content\\\/uploads\\\/2024\\\/06\\\/romantika-oldalnezet-feher-scaled-500x288.webp 500w, https:\\\/\\\/m-acryl.hu\\\/prestige\\\/wp-content\\\/uploads\\\/2024\\\/06\\\/romantika-oldalnezet-feher-600x346.webp 600w, https:\\\/\\\/m-acryl.hu\\\/prestige\\\/wp-content\\\/uploads\\\/2024\\\/06\\\/romantika-oldalnezet-feher-scaled-700x403.webp 700w, https:\\\/\\\/m-acryl.hu\\\/prestige\\\/wp-content\\\/uploads\\\/2024\\\/06\\\/romantika-oldalnezet-feher-768x442.webp 768w, https:\\\/\\\/m-acryl.hu\\\/prestige\\\/wp-content\\\/uploads\\\/2024\\\/06\\\/romantika-oldalnezet-feher-800x461.webp 800w, https:\\\/\\\/m-acryl.hu\\\/prestige\\\/wp-content\\\/uploads\\\/2024\\\/06\\\/romantika-oldalnezet-feher-1024x590.webp 1024w, https:\\\/\\\/m-acryl.hu\\\/prestige\\\/wp-content\\\/uploads\\\/2024\\\/06\\\/romantika-oldalnezet-feher-1200x691.webp 1200w, https:\\\/\\\/m-acryl.hu\\\/prestige\\\/wp-content\\\/uploads\\\/2024\\\/06\\\/romantika-oldalnezet-feher-1536x885.webp 1536w&quot;,&quot;sizes&quot;:&quot;(max-width: 700px) 100vw, 700px&quot;,&quot;full_src&quot;:&quot;https:\\\/\\\/m-acryl.hu\\\/prestige\\\/wp-content\\\/uploads\\\/2024\\\/06\\\/romantika-oldalnezet-feher-scaled.webp&quot;,&quot;full_src_w&quot;:2560,&quot;full_src_h&quot;:1475,&quot;gallery_thumbnail_src&quot;:&quot;https:\\\/\\\/m-acryl.hu\\\/prestige\\\/wp-content\\\/uploads\\\/2024\\\/06\\\/romantika-oldalnezet-feher-scaled-400x400.webp&quot;,&quot;gallery_thumbnail_src_w&quot;:400,&quot;gallery_thumbnail_src_h&quot;:400,&quot;thumb_src&quot;:&quot;https:\\\/\\\/m-acryl.hu\\\/prestige\\\/wp-content\\\/uploads\\\/2024\\\/06\\\/romantika-oldalnezet-feher-scaled-500x288.webp&quot;,&quot;thumb_src_w&quot;:500,&quot;thumb_src_h&quot;:288,&quot;src_w&quot;:700,&quot;src_h&quot;:403},&quot;image_id&quot;:4222,&quot;is_downloadable&quot;:false,&quot;is_in_stock&quot;:true,&quot;is_purchasable&quot;:true,&quot;is_sold_individually&quot;:&quot;yes&quot;,&quot;is_virtual&quot;:false,&quot;max_qty&quot;:1,&quot;min_qty&quot;:1,&quot;price_html&quot;:&quot;&lt;span class=\\&quot;price\\&quot;&gt;&lt;span class=\\&quot;woocommerce-Price-amount amount\\&quot;&gt;&lt;bdi&gt;535 000&amp;nbsp;&lt;span class=\\&quot;woocommerce-Price-currencySymbol\\&quot;&gt;&amp;#70;&amp;#116;&lt;\\\/span&gt;&lt;\\\/bdi&gt;&lt;\\\/span&gt;&lt;\\\/span&gt;&quot;,&quot;sku&quot;:&quot;&quot;,&quot;variation_description&quot;:&quot;&quot;,&quot;variation_id&quot;:4357,&quot;variation_is_active&quot;:true,&quot;variation_is_visible&quot;:true,&quot;weight&quot;:&quot;54&quot;,&quot;weight_html&quot;:&quot;54 kg&quot;},{&quot;attributes&quot;:{&quot;attribute_pa_meret&quot;:&quot;170x75&quot;,&quot;attribute_pa_szin&quot;:&quot;matt-fekete&quot;,&quot;attribute_pa_netto-suly&quot;:&quot;52-kg&quot;,&quot;attribute_pa_urtartalom&quot;:&quot;220-l&quot;},&quot;availability_html&quot;:&quot;&quot;,&quot;backorders_allowed&quot;:false,&quot;dimensions&quot;:{&quot;length&quot;:&quot;170&quot;,&quot;width&quot;:&quot;75&quot;,&quot;height&quot;:&quot;57.7&quot;},&quot;dimensions_html&quot;:&quot;170 &amp;times; 75 &amp;times; 57.7 cm&quot;,&quot;display_price&quot;:559000,&quot;display_regular_price&quot;:559000,&quot;image&quot;:{&quot;title&quot;:&quot;romantika-oldalnezet-fekete&quot;,&quot;caption&quot;:&quot;&quot;,&quot;url&quot;:&quot;https:\\\/\\\/m-acryl.hu\\\/prestige\\\/wp-content\\\/uploads\\\/2024\\\/06\\\/romantika-oldalnezet-fekete-scaled.webp&quot;,&quot;alt&quot;:&quot;M-Acryl Prestige k\\u00e1d, Romantika szabadon \\u00e1ll\\u00f3 k\\u00e1d, t\\u00e9rben \\u00e1ll\\u00f3 k\\u00e1d, fekete k\\u00e1d&quot;,&quot;src&quot;:&quot;https:\\\/\\\/m-acryl.hu\\\/prestige\\\/wp-content\\\/uploads\\\/2024\\\/06\\\/romantika-oldalnezet-fekete-scaled-700x403.webp&quot;,&quot;srcset&quot;:&quot;https:\\\/\\\/m-acryl.hu\\\/prestige\\\/wp-content\\\/uploads\\\/2024\\\/06\\\/romantika-oldalnezet-fekete-200x115.webp 200w, https:\\\/\\\/m-acryl.hu\\\/prestige\\\/wp-content\\\/uploads\\\/2024\\\/06\\\/romantika-oldalnezet-fekete-300x173.webp 300w, https:\\\/\\\/m-acryl.hu\\\/prestige\\\/wp-content\\\/uploads\\\/2024\\\/06\\\/romantika-oldalnezet-fekete-400x230.webp 400w, https:\\\/\\\/m-acryl.hu\\\/prestige\\\/wp-content\\\/uploads\\\/2024\\\/06\\\/romantika-oldalnezet-fekete-scaled-500x288.webp 500w, https:\\\/\\\/m-acryl.hu\\\/prestige\\\/wp-content\\\/uploads\\\/2024\\\/06\\\/romantika-oldalnezet-fekete-600x345.webp 600w, https:\\\/\\\/m-acryl.hu\\\/prestige\\\/wp-content\\\/uploads\\\/2024\\\/06\\\/romantika-oldalnezet-fekete-scaled-700x403.webp 700w, https:\\\/\\\/m-acryl.hu\\\/prestige\\\/wp-content\\\/uploads\\\/2024\\\/06\\\/romantika-oldalnezet-fekete-768x442.webp 768w, https:\\\/\\\/m-acryl.hu\\\/prestige\\\/wp-content\\\/uploads\\\/2024\\\/06\\\/romantika-oldalnezet-fekete-800x461.webp 800w, https:\\\/\\\/m-acryl.hu\\\/prestige\\\/wp-content\\\/uploads\\\/2024\\\/06\\\/romantika-oldalnezet-fekete-1024x589.webp 1024w, https:\\\/\\\/m-acryl.hu\\\/prestige\\\/wp-content\\\/uploads\\\/2024\\\/06\\\/romantika-oldalnezet-fekete-1200x691.webp 1200w, https:\\\/\\\/m-acryl.hu\\\/prestige\\\/wp-content\\\/uploads\\\/2024\\\/06\\\/romantika-oldalnezet-fekete-1536x884.webp 1536w&quot;,&quot;sizes&quot;:&quot;(max-width: 700px) 100vw, 700px&quot;,&quot;full_src&quot;:&quot;https:\\\/\\\/m-acryl.hu\\\/prestige\\\/wp-content\\\/uploads\\\/2024\\\/06\\\/romantika-oldalnezet-fekete-scaled.webp&quot;,&quot;full_src_w&quot;:2560,&quot;full_src_h&quot;:1474,&quot;gallery_thumbnail_src&quot;:&quot;https:\\\/\\\/m-acryl.hu\\\/prestige\\\/wp-content\\\/uploads\\\/2024\\\/06\\\/romantika-oldalnezet-fekete-scaled-400x400.webp&quot;,&quot;gallery_thumbnail_src_w&quot;:400,&quot;gallery_thumbnail_src_h&quot;:400,&quot;thumb_src&quot;:&quot;https:\\\/\\\/m-acryl.hu\\\/prestige\\\/wp-content\\\/uploads\\\/2024\\\/06\\\/romantika-oldalnezet-fekete-scaled-500x288.webp&quot;,&quot;thumb_src_w&quot;:500,&quot;thumb_src_h&quot;:288,&quot;src_w&quot;:700,&quot;src_h&quot;:403},&quot;image_id&quot;:4223,&quot;is_downloadable&quot;:false,&quot;is_in_stock&quot;:true,&quot;is_purchasable&quot;:true,&quot;is_sold_individually&quot;:&quot;yes&quot;,&quot;is_virtual&quot;:false,&quot;max_qty&quot;:1,&quot;min_qty&quot;:1,&quot;price_html&quot;:&quot;&lt;span class=\\&quot;price\\&quot;&gt;&lt;span class=\\&quot;woocommerce-Price-amount amount\\&quot;&gt;&lt;bdi&gt;559 000&amp;nbsp;&lt;span class=\\&quot;woocommerce-Price-currencySymbol\\&quot;&gt;&amp;#70;&amp;#116;&lt;\\\/span&gt;&lt;\\\/bdi&gt;&lt;\\\/span&gt;&lt;\\\/span&gt;&quot;,&quot;sku&quot;:&quot;&quot;,&quot;variation_description&quot;:&quot;&quot;,&quot;variation_id&quot;:4358,&quot;variation_is_active&quot;:true,&quot;variation_is_visible&quot;:true,&quot;weight&quot;:&quot;54&quot;,&quot;weight_html&quot;:&quot;54 kg&quot;}]\">\n\t\n\t\t\t<table class=\"variations\" cellspacing=\"0\" role=\"presentation\">\n\t\t\t<tbody>\n\t\t\t\t\t\t\t\t\t<tr>\n\t\t\t\t\t\t<th class=\"label\"><label for=\"pa_meret\">M\u00e9ret<\/label><\/th>\n\t\t\t\t\t\t<td class=\"value\">\n\t\t\t\t\t\t\t<div class=\"avada-select-wrapper\" data-type=\"button\"><select id=\"pa_meret\" class=\"\" name=\"attribute_pa_meret\" data-attribute_name=\"attribute_pa_meret\" data-show_option_none=\"yes\"><option value=\"\">V\u00e1lassz egy lehet\u0151s\u00e9get<\/option><option value=\"170x75\"  selected='selected'>170\u00d775<\/option><\/select><a href=\"#\" class=\"avada-button-select\" tabindex=\"0\" data-value=\"170x75\" data-checked=\"true\" >170\u00d775<\/a><\/div>\t\t\t\t\t\t<\/td>\n\t\t\t\t\t<\/tr>\n\t\t\t\t\t\t\t\t\t<tr>\n\t\t\t\t\t\t<th class=\"label\"><label for=\"pa_szin\">Sz\u00edn<\/label><\/th>\n\t\t\t\t\t\t<td class=\"value\">\n\t\t\t\t\t\t\t<div class=\"avada-select-wrapper\" data-type=\"color\"><select id=\"pa_szin\" class=\"\" name=\"attribute_pa_szin\" data-attribute_name=\"attribute_pa_szin\" data-show_option_none=\"yes\"><option value=\"\">V\u00e1lassz egy lehet\u0151s\u00e9get<\/option><option value=\"fenyes-feher\"  selected='selected'>F\u00e9nyes feh\u00e9r<\/option><option value=\"matt-fekete\" >Matt fekete<\/option><\/select><a href=\"#\" class=\"avada-color-select\" role=\"button\" tabindex=\"0\" aria-label=\"F\u00e9nyes feh\u00e9r\" title=\"F\u00e9nyes feh\u00e9r\" data-value=\"fenyes-feher\" data-checked=\"true\" ><span style=\"background-color: #f4f4f4\"><\/span><\/a><a href=\"#\" class=\"avada-color-select\" role=\"button\" tabindex=\"0\" aria-label=\"Matt fekete\" title=\"Matt fekete\" data-value=\"matt-fekete\"><span style=\"background-color: #3d3d3d\"><\/span><\/a><\/div>\t\t\t\t\t\t<\/td>\n\t\t\t\t\t<\/tr>\n\t\t\t\t\t\t\t\t\t<tr>\n\t\t\t\t\t\t<th class=\"label\"><label for=\"pa_netto-suly\">Nett\u00f3 s\u00faly<\/label><\/th>\n\t\t\t\t\t\t<td class=\"value\">\n\t\t\t\t\t\t\t<div class=\"avada-select-wrapper\" data-type=\"button\"><select id=\"pa_netto-suly\" class=\"\" name=\"attribute_pa_netto-suly\" data-attribute_name=\"attribute_pa_netto-suly\" data-show_option_none=\"yes\"><option value=\"\">V\u00e1lassz egy lehet\u0151s\u00e9get<\/option><option value=\"52-kg\"  selected='selected'>52 kg<\/option><\/select><a href=\"#\" class=\"avada-button-select\" tabindex=\"0\" data-value=\"52-kg\" data-checked=\"true\" >52 kg<\/a><\/div>\t\t\t\t\t\t<\/td>\n\t\t\t\t\t<\/tr>\n\t\t\t\t\t\t\t\t\t<tr>\n\t\t\t\t\t\t<th class=\"label\"><label for=\"pa_urtartalom\">\u0170rtartalom<\/label><\/th>\n\t\t\t\t\t\t<td class=\"value\">\n\t\t\t\t\t\t\t<div class=\"avada-select-wrapper\" data-type=\"button\"><select id=\"pa_urtartalom\" class=\"\" name=\"attribute_pa_urtartalom\" data-attribute_name=\"attribute_pa_urtartalom\" data-show_option_none=\"yes\"><option value=\"\">V\u00e1lassz egy lehet\u0151s\u00e9get<\/option><option value=\"220-l\"  selected='selected'>220 L<\/option><\/select><a href=\"#\" class=\"avada-button-select\" tabindex=\"0\" data-value=\"220-l\" data-checked=\"true\" >220 L<\/a><\/div><a class=\"reset_variations\" href=\"#\"><i aria-hidden=\"true\" class=\"fa-trash-alt far\"><\/i><\/a>\t\t\t\t\t\t<\/td>\n\t\t\t\t\t<\/tr>\n\t\t\t\t\t\t\t<\/tbody>\n\t\t<\/table>\n\t\t<div class=\"reset_variations_alert screen-reader-text\" role=\"alert\" aria-live=\"polite\" aria-relevant=\"all\"><\/div>\n\t\t\n\t\t<div class=\"single_variation_wrap\">\n\t\t\t<div class=\"woocommerce-variation single_variation\" role=\"alert\" aria-relevant=\"additions\"><\/div>\t\t\t\t\t\t\t\t\t\t\t\t\t\n\t\t\t\t\n\t\t\t\t\t\t<\/div>\n\t\n\t<\/form>\n\n<\/div><div class=\"fusion-separator fusion-full-width-sep\" style=\"align-self: center;margin-left: auto;margin-right: auto;flex-grow:1;margin-bottom:2vw;width:100%;\"><\/div><div ><a class=\"fusion-button button-flat fusion-button-default-size button-custom fusion-button-default button-2 fusion-button-span-yes fusion-button-default-type\" style=\"--button_accent_color:var(--awb-color4);--button_accent_hover_color:var(--awb-color1);--button_border_hover_color:var(--awb-color1);--button_border_width-top:2px;--button_border_width-right:2px;--button_border_width-bottom:2px;--button_border_width-left:2px;--button_gradient_top_color:rgba(247,188,179,0);--button_gradient_bottom_color:rgba(247,188,179,0);--button_gradient_top_color_hover:rgba(247,188,179,0);--button_gradient_bottom_color_hover:rgba(247,188,179,0);\" target=\"_blank\" rel=\"noopener noreferrer\" href=\"https:\/\/m-acryl.hu\/prestige\/termek\/romantika-szabadon-allo-akril-kad\/\"><span class=\"fusion-button-text awb-button__text awb-button__text--default\">Megn\u00e9zem<\/span><\/a><\/div><\/div><\/li>\n<\/ul><\/div><\/div><\/div><\/div><\/div><div class=\"fusion-fullwidth fullwidth-box fusion-builder-row-2 fusion-flex-container has-pattern-background has-mask-background hundred-percent-fullwidth non-hundred-percent-height-scrolling\" style=\"--awb-border-radius-top-left:0px;--awb-border-radius-top-right:0px;--awb-border-radius-bottom-right:0px;--awb-border-radius-bottom-left:0px;--awb-padding-right:7vw;--awb-padding-left:7vw;--awb-padding-right-small:5vw;--awb-padding-left-small:5vw;--awb-flex-wrap:wrap;\" ><div class=\"fusion-builder-row fusion-row fusion-flex-align-items-flex-start fusion-flex-content-wrap\" style=\"width:104% !important;max-width:104% !important;margin-left: calc(-4% \/ 2 );margin-right: calc(-4% \/ 2 );\"><div class=\"fusion-layout-column fusion_builder_column fusion-builder-column-3 fusion_builder_column_1_1 1_1 fusion-flex-column\" style=\"--awb-bg-size:cover;--awb-width-large:100%;--awb-flex-grow:0;--awb-flex-shrink:0;--awb-margin-top-large:0px;--awb-spacing-right-large:1.92%;--awb-margin-bottom-large:20px;--awb-spacing-left-large:1.92%;--awb-width-medium:100%;--awb-order-medium:0;--awb-flex-grow-medium:0;--awb-flex-shrink-medium:0;--awb-spacing-right-medium:1.92%;--awb-spacing-left-medium:1.92%;--awb-width-small:100%;--awb-order-small:0;--awb-flex-grow-small:0;--awb-flex-shrink-small:0;--awb-spacing-right-small:1.92%;--awb-spacing-left-small:1.92%;\"><div class=\"fusion-column-wrapper fusion-column-has-shadow fusion-flex-justify-content-flex-start fusion-content-layout-column\"><div class=\"fusion-text fusion-text-1\"><h2><strong>Prestige szabadon \u00e1ll\u00f3 k\u00e1d 170 cm \u2013 K\u00e9nyelem \u00e9s elegancia t\u00f6k\u00e9letes egyens\u00falyban<\/strong><\/h2>\n<p>A 170 cm-es szabadon \u00e1ll\u00f3 k\u00e1d az egyik legn\u00e9pszer\u0171bb m\u00e9ret, amely eleg\u00e1ns megjelen\u00e9s\u00e9vel \u00e9s k\u00e9nyelmes kialak\u00edt\u00e1s\u00e1val minden f\u00fcrd\u0151szoba k\u00f6zponti elem\u00e9v\u00e9 v\u00e1lik. Az M-Acryl Prestige szabadon \u00e1ll\u00f3 k\u00e1dak alapanyaga pr\u00e9mium min\u0151s\u00e9g\u0171 akril, ami garant\u00e1lja a k\u00e1dak tart\u00f3ss\u00e1g\u00e1t \u00e9s a kiv\u00e1l\u00f3 min\u0151s\u00e9g\u0171 f\u00fcrd\u00e9s\u00e9lm\u00e9nyt.<\/p>\n<h2><strong>Mi\u00e9rt v\u00e1lassza az M-Acryl Prestige 170 cm-es szabadon \u00e1ll\u00f3 k\u00e1dat?<\/strong><\/h2>\n<h3><strong>Ide\u00e1lis m\u00e9ret \u00e9s k\u00e9nyelem<\/strong><\/h3>\n<p>A 170 cm-es szabadon \u00e1ll\u00f3 k\u00e1d az egyik legkeresettebb <a href=\"https:\/\/m-acryl.hu\/prestige\/terben-allo-kad\/\" target=\"_blank\" rel=\"noopener\">t\u00e9rben \u00e1ll\u00f3 k\u00e1d<\/a> m\u00e9ret. Ez a hossz kell\u0151en t\u00e1gas kialak\u00edt\u00e1s\u00fa b\u00e1rmilyen testalkattal is szeretn\u00e9 haszn\u00e1lni, 75 \u00e9s 80 cm-es sz\u00e9less\u00e9gben v\u00e1laszthatja.<\/p>\n<h3><strong>Id\u0151t\u00e1ll\u00f3 design<\/strong><\/h3>\n<p>Az eleg\u00e1ns, letisztult vonalvezet\u00e9s minden f\u00fcrd\u0151szobast\u00edlushoz illeszkedik \u2013 legyen sz\u00f3 klasszikus vagy modern enteri\u0151rr\u0151l.<\/p>\n<p>Ha olyan 170 cm-es szabadon \u00e1ll\u00f3 k\u00e1dat keres, amely a pr\u00e9mium min\u0151s\u00e9get, a letisztult diz\u00e1jnt \u00e9s a k\u00e9nyelmet \u00f6tv\u00f6zi, akkor az M-Acryl Prestige kollekci\u00f3ja t\u00f6k\u00e9letes v\u00e1laszt\u00e1s. Fedezze fel exkluz\u00edv design k\u00e1djainkat, \u00e9s teremtsen egyedi, eleg\u00e1ns f\u00fcrd\u0151szob\u00e1t, ahol a pihen\u00e9s minden nap luxus \u00e9lm\u00e9nny\u00e9 v\u00e1lik!<\/p>\n<\/div><\/div><\/div><\/div><\/div><\/p>\n","protected":false},"excerpt":{"rendered":"","protected":false},"author":2,"featured_media":3858,"parent":0,"menu_order":0,"comment_status":"closed","ping_status":"closed","template":"100-width.php","meta":{"footnotes":""},"class_list":["post-6961","page","type-page","status-publish","has-post-thumbnail","hentry"],"yoast_head":"<!-- This site is optimized with the Yoast SEO plugin v27.2 - https:\/\/yoast.com\/product\/yoast-seo-wordpress\/ -->\n<title>Szabadon \u00e1ll\u00f3 k\u00e1d 170 cm - Prestige<\/title>\n<meta name=\"description\" content=\"Fedezze fel az M-Acryl Prestige 170 cm-es szabadon \u00e1ll\u00f3 k\u00e1djait! Pr\u00e9mium min\u0151s\u00e9g, eleg\u00e1ns design \u00e9s maxim\u00e1lis k\u00e9nyelem modern \u00e9s klasszikus f\u00fcrd\u0151szob\u00e1kba.\" \/>\n<meta name=\"robots\" content=\"index, follow, max-snippet:-1, max-image-preview:large, max-video-preview:-1\" \/>\n<link rel=\"canonical\" href=\"https:\/\/m-acryl.hu\/prestige\/szabadon-allo-kad-170-cm\/\" \/>\n<meta property=\"og:locale\" content=\"hu_HU\" \/>\n<meta property=\"og:type\" content=\"article\" \/>\n<meta property=\"og:title\" content=\"Szabadon \u00e1ll\u00f3 k\u00e1d 170 cm - Prestige\" \/>\n<meta property=\"og:description\" content=\"Fedezze fel az M-Acryl Prestige 170 cm-es szabadon \u00e1ll\u00f3 k\u00e1djait! Pr\u00e9mium min\u0151s\u00e9g, eleg\u00e1ns design \u00e9s maxim\u00e1lis k\u00e9nyelem modern \u00e9s klasszikus f\u00fcrd\u0151szob\u00e1kba.\" \/>\n<meta property=\"og:url\" content=\"https:\/\/m-acryl.hu\/prestige\/szabadon-allo-kad-170-cm\/\" \/>\n<meta property=\"og:site_name\" content=\"Prestige\" \/>\n<meta property=\"article:modified_time\" content=\"2026-03-12T14:17:14+00:00\" \/>\n<meta property=\"og:image\" content=\"https:\/\/m-acryl.hu\/prestige\/wp-content\/uploads\/2024\/05\/m-acryl-prestige-romantika-acryl-szabadon-allo-kad-feher-06.webp\" \/>\n\t<meta property=\"og:image:width\" content=\"1920\" \/>\n\t<meta property=\"og:image:height\" content=\"1200\" \/>\n\t<meta property=\"og:image:type\" content=\"image\/webp\" \/>\n<meta name=\"twitter:card\" content=\"summary_large_image\" \/>\n<meta name=\"twitter:label1\" content=\"Becs\u00fclt olvas\u00e1si id\u0151\" \/>\n\t<meta name=\"twitter:data1\" content=\"4 perc\" \/>\n<script type=\"application\/ld+json\" class=\"yoast-schema-graph\">{\"@context\":\"https:\/\/schema.org\",\"@graph\":[{\"@type\":\"WebPage\",\"@id\":\"https:\/\/m-acryl.hu\/prestige\/szabadon-allo-kad-170-cm\/\",\"url\":\"https:\/\/m-acryl.hu\/prestige\/szabadon-allo-kad-170-cm\/\",\"name\":\"Szabadon \u00e1ll\u00f3 k\u00e1d 170 cm - Prestige\",\"isPartOf\":{\"@id\":\"https:\/\/m-acryl.hu\/prestige\/#website\"},\"primaryImageOfPage\":{\"@id\":\"https:\/\/m-acryl.hu\/prestige\/szabadon-allo-kad-170-cm\/#primaryimage\"},\"image\":{\"@id\":\"https:\/\/m-acryl.hu\/prestige\/szabadon-allo-kad-170-cm\/#primaryimage\"},\"thumbnailUrl\":\"https:\/\/m-acryl.hu\/prestige\/wp-content\/uploads\/2024\/05\/m-acryl-prestige-romantika-acryl-szabadon-allo-kad-feher-06.webp\",\"datePublished\":\"2025-01-24T10:58:31+00:00\",\"dateModified\":\"2026-03-12T14:17:14+00:00\",\"description\":\"Fedezze fel az M-Acryl Prestige 170 cm-es szabadon \u00e1ll\u00f3 k\u00e1djait! Pr\u00e9mium min\u0151s\u00e9g, eleg\u00e1ns design \u00e9s maxim\u00e1lis k\u00e9nyelem modern \u00e9s klasszikus f\u00fcrd\u0151szob\u00e1kba.\",\"breadcrumb\":{\"@id\":\"https:\/\/m-acryl.hu\/prestige\/szabadon-allo-kad-170-cm\/#breadcrumb\"},\"inLanguage\":\"hu\",\"potentialAction\":[{\"@type\":\"ReadAction\",\"target\":[\"https:\/\/m-acryl.hu\/prestige\/szabadon-allo-kad-170-cm\/\"]}]},{\"@type\":\"ImageObject\",\"inLanguage\":\"hu\",\"@id\":\"https:\/\/m-acryl.hu\/prestige\/szabadon-allo-kad-170-cm\/#primaryimage\",\"url\":\"https:\/\/m-acryl.hu\/prestige\/wp-content\/uploads\/2024\/05\/m-acryl-prestige-romantika-acryl-szabadon-allo-kad-feher-06.webp\",\"contentUrl\":\"https:\/\/m-acryl.hu\/prestige\/wp-content\/uploads\/2024\/05\/m-acryl-prestige-romantika-acryl-szabadon-allo-kad-feher-06.webp\",\"width\":1920,\"height\":1200,\"caption\":\"M-Acryl Prestige k\u00e1d, Romantika szabadon \u00e1ll\u00f3 k\u00e1d, design k\u00e1d, design f\u00fcrd\u0151k\u00e1d, design f\u00fcrd\u0151szoba\"},{\"@type\":\"BreadcrumbList\",\"@id\":\"https:\/\/m-acryl.hu\/prestige\/szabadon-allo-kad-170-cm\/#breadcrumb\",\"itemListElement\":[{\"@type\":\"ListItem\",\"position\":1,\"name\":\"Kezd\u0151lap\",\"item\":\"https:\/\/m-acryl.hu\/prestige\/\"},{\"@type\":\"ListItem\",\"position\":2,\"name\":\"Szabadon \u00e1ll\u00f3 k\u00e1d 170 cm\"}]},{\"@type\":\"WebSite\",\"@id\":\"https:\/\/m-acryl.hu\/prestige\/#website\",\"url\":\"https:\/\/m-acryl.hu\/prestige\/\",\"name\":\"Prestige\",\"description\":\"Kiemelt k\u00e9nyelem minden nap\",\"potentialAction\":[{\"@type\":\"SearchAction\",\"target\":{\"@type\":\"EntryPoint\",\"urlTemplate\":\"https:\/\/m-acryl.hu\/prestige\/?s={search_term_string}\"},\"query-input\":{\"@type\":\"PropertyValueSpecification\",\"valueRequired\":true,\"valueName\":\"search_term_string\"}}],\"inLanguage\":\"hu\"}]}<\/script>\n<!-- \/ Yoast SEO plugin. -->","yoast_head_json":{"title":"Szabadon \u00e1ll\u00f3 k\u00e1d 170 cm - Prestige","description":"Fedezze fel az M-Acryl Prestige 170 cm-es szabadon \u00e1ll\u00f3 k\u00e1djait! Pr\u00e9mium min\u0151s\u00e9g, eleg\u00e1ns design \u00e9s maxim\u00e1lis k\u00e9nyelem modern \u00e9s klasszikus f\u00fcrd\u0151szob\u00e1kba.","robots":{"index":"index","follow":"follow","max-snippet":"max-snippet:-1","max-image-preview":"max-image-preview:large","max-video-preview":"max-video-preview:-1"},"canonical":"https:\/\/m-acryl.hu\/prestige\/szabadon-allo-kad-170-cm\/","og_locale":"hu_HU","og_type":"article","og_title":"Szabadon \u00e1ll\u00f3 k\u00e1d 170 cm - Prestige","og_description":"Fedezze fel az M-Acryl Prestige 170 cm-es szabadon \u00e1ll\u00f3 k\u00e1djait! Pr\u00e9mium min\u0151s\u00e9g, eleg\u00e1ns design \u00e9s maxim\u00e1lis k\u00e9nyelem modern \u00e9s klasszikus f\u00fcrd\u0151szob\u00e1kba.","og_url":"https:\/\/m-acryl.hu\/prestige\/szabadon-allo-kad-170-cm\/","og_site_name":"Prestige","article_modified_time":"2026-03-12T14:17:14+00:00","og_image":[{"width":1920,"height":1200,"url":"https:\/\/m-acryl.hu\/prestige\/wp-content\/uploads\/2024\/05\/m-acryl-prestige-romantika-acryl-szabadon-allo-kad-feher-06.webp","type":"image\/webp"}],"twitter_card":"summary_large_image","twitter_misc":{"Becs\u00fclt olvas\u00e1si id\u0151":"4 perc"},"schema":{"@context":"https:\/\/schema.org","@graph":[{"@type":"WebPage","@id":"https:\/\/m-acryl.hu\/prestige\/szabadon-allo-kad-170-cm\/","url":"https:\/\/m-acryl.hu\/prestige\/szabadon-allo-kad-170-cm\/","name":"Szabadon \u00e1ll\u00f3 k\u00e1d 170 cm - Prestige","isPartOf":{"@id":"https:\/\/m-acryl.hu\/prestige\/#website"},"primaryImageOfPage":{"@id":"https:\/\/m-acryl.hu\/prestige\/szabadon-allo-kad-170-cm\/#primaryimage"},"image":{"@id":"https:\/\/m-acryl.hu\/prestige\/szabadon-allo-kad-170-cm\/#primaryimage"},"thumbnailUrl":"https:\/\/m-acryl.hu\/prestige\/wp-content\/uploads\/2024\/05\/m-acryl-prestige-romantika-acryl-szabadon-allo-kad-feher-06.webp","datePublished":"2025-01-24T10:58:31+00:00","dateModified":"2026-03-12T14:17:14+00:00","description":"Fedezze fel az M-Acryl Prestige 170 cm-es szabadon \u00e1ll\u00f3 k\u00e1djait! Pr\u00e9mium min\u0151s\u00e9g, eleg\u00e1ns design \u00e9s maxim\u00e1lis k\u00e9nyelem modern \u00e9s klasszikus f\u00fcrd\u0151szob\u00e1kba.","breadcrumb":{"@id":"https:\/\/m-acryl.hu\/prestige\/szabadon-allo-kad-170-cm\/#breadcrumb"},"inLanguage":"hu","potentialAction":[{"@type":"ReadAction","target":["https:\/\/m-acryl.hu\/prestige\/szabadon-allo-kad-170-cm\/"]}]},{"@type":"ImageObject","inLanguage":"hu","@id":"https:\/\/m-acryl.hu\/prestige\/szabadon-allo-kad-170-cm\/#primaryimage","url":"https:\/\/m-acryl.hu\/prestige\/wp-content\/uploads\/2024\/05\/m-acryl-prestige-romantika-acryl-szabadon-allo-kad-feher-06.webp","contentUrl":"https:\/\/m-acryl.hu\/prestige\/wp-content\/uploads\/2024\/05\/m-acryl-prestige-romantika-acryl-szabadon-allo-kad-feher-06.webp","width":1920,"height":1200,"caption":"M-Acryl Prestige k\u00e1d, Romantika szabadon \u00e1ll\u00f3 k\u00e1d, design k\u00e1d, design f\u00fcrd\u0151k\u00e1d, design f\u00fcrd\u0151szoba"},{"@type":"BreadcrumbList","@id":"https:\/\/m-acryl.hu\/prestige\/szabadon-allo-kad-170-cm\/#breadcrumb","itemListElement":[{"@type":"ListItem","position":1,"name":"Kezd\u0151lap","item":"https:\/\/m-acryl.hu\/prestige\/"},{"@type":"ListItem","position":2,"name":"Szabadon \u00e1ll\u00f3 k\u00e1d 170 cm"}]},{"@type":"WebSite","@id":"https:\/\/m-acryl.hu\/prestige\/#website","url":"https:\/\/m-acryl.hu\/prestige\/","name":"Prestige","description":"Kiemelt k\u00e9nyelem minden nap","potentialAction":[{"@type":"SearchAction","target":{"@type":"EntryPoint","urlTemplate":"https:\/\/m-acryl.hu\/prestige\/?s={search_term_string}"},"query-input":{"@type":"PropertyValueSpecification","valueRequired":true,"valueName":"search_term_string"}}],"inLanguage":"hu"}]}},"_links":{"self":[{"href":"https:\/\/m-acryl.hu\/prestige\/wp-json\/wp\/v2\/pages\/6961","targetHints":{"allow":["GET"]}}],"collection":[{"href":"https:\/\/m-acryl.hu\/prestige\/wp-json\/wp\/v2\/pages"}],"about":[{"href":"https:\/\/m-acryl.hu\/prestige\/wp-json\/wp\/v2\/types\/page"}],"author":[{"embeddable":true,"href":"https:\/\/m-acryl.hu\/prestige\/wp-json\/wp\/v2\/users\/2"}],"replies":[{"embeddable":true,"href":"https:\/\/m-acryl.hu\/prestige\/wp-json\/wp\/v2\/comments?post=6961"}],"version-history":[{"count":9,"href":"https:\/\/m-acryl.hu\/prestige\/wp-json\/wp\/v2\/pages\/6961\/revisions"}],"predecessor-version":[{"id":7771,"href":"https:\/\/m-acryl.hu\/prestige\/wp-json\/wp\/v2\/pages\/6961\/revisions\/7771"}],"wp:featuredmedia":[{"embeddable":true,"href":"https:\/\/m-acryl.hu\/prestige\/wp-json\/wp\/v2\/media\/3858"}],"wp:attachment":[{"href":"https:\/\/m-acryl.hu\/prestige\/wp-json\/wp\/v2\/media?parent=6961"}],"curies":[{"name":"wp","href":"https:\/\/api.w.org\/{rel}","templated":true}]}}